{"id":7521,"date":"2024-02-12T02:15:25","date_gmt":"2024-02-12T01:15:25","guid":{"rendered":"https:\/\/projecteaina.cat\/tech\/?page_id=7521"},"modified":"2024-05-15T13:20:58","modified_gmt":"2024-05-15T11:20:58","slug":"impactes-de-premsa","status":"publish","type":"page","link":"https:\/\/projecteaina.cat\/tech\/impactes-de-premsa\/","title":{"rendered":"Impactes de premsa"},"content":{"rendered":"<p><div class=\"fusion-fullwidth fullwidth-box fusion-builder-row-1 fusion-flex-container has-pattern-background has-mask-background nonhundred-percent-fullwidth non-hundred-percent-height-scrolling\" style=\"--awb-border-radius-top-left:0px;--awb-border-radius-top-right:0px;--awb-border-radius-bottom-right:0px;--awb-border-radius-bottom-left:0px;--awb-margin-top:35px;--awb-flex-wrap:wrap;\" ><div class=\"fusion-builder-row fusion-row fusion-flex-align-items-flex-start fusion-flex-content-wrap\" style=\"max-width:1248px;margin-left: calc(-4% \/ 2 );margin-right: calc(-4% \/ 2 );\"><div class=\"fusion-layout-column fusion_builder_column fusion-builder-column-0 fusion_builder_column_1_3 1_3 fusion-flex-column\" style=\"--awb-bg-size:cover;--awb-width-large:33.333333333333%;--awb-margin-top-large:0px;--awb-spacing-right-large:5.76%;--awb-margin-bottom-large:20px;--awb-spacing-left-large:5.76%;--awb-width-medium:33.333333333333%;--awb-order-medium:0;--awb-spacing-right-medium:5.76%;--awb-spacing-left-medium:5.76%;--awb-width-small:100%;--awb-order-small:0;--awb-spacing-right-small:1.92%;--awb-spacing-left-small:1.92%;\"><div class=\"fusion-column-wrapper fusion-column-has-shadow fusion-flex-justify-content-flex-start fusion-content-layout-column\"><div class=\"fusion-title title fusion-title-1 fusion-sep-none fusion-title-center fusion-title-text fusion-title-size-two\" style=\"--awb-font-size:48px;\"><h2 class=\"fusion-title-heading title-heading-center\" style=\"font-family:&quot;Roboto&quot;;font-style:normal;font-weight:700;margin:0;font-size:1em;text-transform:none;\">Mitjans<\/h2><\/div><div class=\"fusion-separator\" style=\"align-self: flex-start;margin-right:auto;width:100%;max-width:86px;\"><div class=\"fusion-separator-border sep-single sep-solid\" style=\"--awb-height:20px;--awb-amount:20px;--awb-sep-color:#000000;border-color:#000000;border-top-width:9px;\"><\/div><\/div><\/div><\/div><div class=\"fusion-layout-column fusion_builder_column fusion-builder-column-1 fusion_builder_column_1_3 1_3 fusion-flex-column\" style=\"--awb-bg-size:cover;--awb-width-large:33.333333333333%;--awb-margin-top-large:0px;--awb-spacing-right-large:5.76%;--awb-margin-bottom-large:20px;--awb-spacing-left-large:5.76%;--awb-width-medium:33.333333333333%;--awb-order-medium:0;--awb-spacing-right-medium:5.76%;--awb-spacing-left-medium:5.76%;--awb-width-small:100%;--awb-order-small:0;--awb-spacing-right-small:1.92%;--awb-spacing-left-small:1.92%;\"><div class=\"fusion-column-wrapper fusion-column-has-shadow fusion-flex-justify-content-flex-start fusion-content-layout-column\"><div class=\"fusion-title title fusion-title-2 fusion-sep-none fusion-title-center fusion-title-text fusion-title-size-two\" style=\"--awb-font-size:48px;\"><h2 class=\"fusion-title-heading title-heading-center\" style=\"font-family:&quot;Roboto&quot;;font-style:normal;font-weight:700;margin:0;font-size:1em;text-transform:none;\"><p style=\"text-align: center;\">T\u00edtols<\/p><\/h2><\/div><\/div><\/div><div class=\"fusion-layout-column fusion_builder_column fusion-builder-column-2 fusion_builder_column_1_3 1_3 fusion-flex-column\" style=\"--awb-bg-size:cover;--awb-width-large:33.333333333333%;--awb-margin-top-large:13px;--awb-spacing-right-large:5.76%;--awb-margin-bottom-large:20px;--awb-spacing-left-large:5.76%;--awb-width-medium:33.333333333333%;--awb-order-medium:0;--awb-spacing-right-medium:5.76%;--awb-spacing-left-medium:5.76%;--awb-width-small:100%;--awb-order-small:0;--awb-spacing-right-small:1.92%;--awb-spacing-left-small:1.92%;\"><div class=\"fusion-column-wrapper fusion-column-has-shadow fusion-flex-justify-content-flex-start fusion-content-layout-column\"><div class=\"fusion-title title fusion-title-3 fusion-sep-none fusion-title-center fusion-title-text fusion-title-size-three\" style=\"--awb-font-size:30px;\"><h3 class=\"fusion-title-heading title-heading-center\" style=\"font-family:&quot;Roboto&quot;;font-style:normal;font-weight:700;margin:0;font-size:1em;text-transform:none;\"><p style=\"text-align: center;\">Data de publicaci\u00f3<\/p><\/h3><\/div><\/div><\/div><\/div><\/div><div class=\"fusion-fullwidth fullwidth-box fusion-builder-row-2 fusion-flex-container has-pattern-background has-mask-background nonhundred-percent-fullwidth non-hundred-percent-height-scrolling\" style=\"--awb-border-radius-top-left:0px;--awb-border-radius-top-right:0px;--awb-border-radius-bottom-right:0px;--awb-border-radius-bottom-left:0px;--awb-flex-wrap:wrap;\" ><div class=\"fusion-builder-row fusion-row fusion-flex-align-items-flex-start fusion-flex-content-wrap\" style=\"max-width:1248px;margin-left: calc(-4% \/ 2 );margin-right: calc(-4% \/ 2 );\"><div class=\"fusion-layout-column fusion_builder_column fusion-builder-column-3 fusion_builder_column_1_1 1_1 fusion-flex-column\" style=\"--awb-bg-size:cover;--awb-width-large:100%;--awb-margin-top-large:0px;--awb-spacing-right-large:1.92%;--awb-margin-bottom-large:20px;--awb-spacing-left-large:1.92%;--awb-width-medium:100%;--awb-order-medium:0;--awb-spacing-right-medium:1.92%;--awb-spacing-left-medium:1.92%;--awb-width-small:100%;--awb-order-small:0;--awb-spacing-right-small:1.92%;--awb-spacing-left-small:1.92%;\"><div class=\"fusion-column-wrapper fusion-column-has-shadow fusion-flex-justify-content-flex-start fusion-content-layout-column\"><div class=\"fusion-text fusion-text-1\"><div class=\"pt-cv-wrapper\"><div class=\"pt-cv-view pt-cv-blockgrid iscvblock iscvhybrid grid1 layout2 pt-cv-pgloadmore pt-cv-center\" id=\"pt-cv-view-55ba034xsh\"><div data-id=\"pt-cv-page-1\" class=\"pt-cv-page\" data-cvc=\"1\"><div class=\" pt-cv-content-item pt-cv-1-col\"  data-pid=\"8904\"><div class=\"pt-cv-ctf-list\" data-cvc=\"3\"><div class=\"col-md-4 pt-cv-ctf-column\"><div class=\"pt-cv-custom-fields pt-cv-ctf-mitja\"><div class=\"pt-cv-ctf-value\">La Ciutat<\/div><\/div><\/div><div class=\"col-md-4 pt-cv-ctf-column\"><div class=\"pt-cv-custom-fields pt-cv-ctf-titol_de_limpacte_de_premsa\"><div class=\"pt-cv-ctf-value\"><a href=\"https:\/\/projecteaina.cat\/tech\/press_clippings\/premian-un-proyecto-de-la-urv-para-crear-agentes-conversacionales-personalizados-en-catalan\/\" target=\"_blank\" rel=\"noopener\">Premian un proyecto de la URV para crear agentes conversacionales personalizados en catal\u00e1n<\/a><\/div><\/div><\/div><div class=\"col-md-4 pt-cv-ctf-column\"><div class=\"pt-cv-custom-fields pt-cv-ctf-data\"><div class=\"pt-cv-ctf-value\">24 desembre 2025<\/div><\/div><\/div><\/div><\/div>\n<div class=\" pt-cv-content-item pt-cv-1-col\"  data-pid=\"8867\"><div class=\"pt-cv-ctf-list\" data-cvc=\"3\"><div class=\"col-md-4 pt-cv-ctf-column\"><div class=\"pt-cv-custom-fields pt-cv-ctf-mitja\"><div class=\"pt-cv-ctf-value\">Universitat Aut\u00f2noma de Barcelona<\/div><\/div><\/div><div class=\"col-md-4 pt-cv-ctf-column\"><div class=\"pt-cv-custom-fields pt-cv-ctf-titol_de_limpacte_de_premsa\"><div class=\"pt-cv-ctf-value\"><a href=\"https:\/\/projecteaina.cat\/tech\/press_clippings\/enginyeria-acull-una-hackato-amb-250-estudiants-que-proposen-50-solucions-innovadores-a-empreses\/\" target=\"_blank\" rel=\"noopener\">Enginyeria acull una hackat\u00f3 amb 250 estudiants que proposen 50 solucions innovadores a empreses<\/a><\/div><\/div><\/div><div class=\"col-md-4 pt-cv-ctf-column\"><div class=\"pt-cv-custom-fields pt-cv-ctf-data\"><div class=\"pt-cv-ctf-value\">10 novembre 2025<\/div><\/div><\/div><\/div><\/div>\n<div class=\" pt-cv-content-item pt-cv-1-col\"  data-pid=\"8861\"><div class=\"pt-cv-ctf-list\" data-cvc=\"3\"><div class=\"col-md-4 pt-cv-ctf-column\"><div class=\"pt-cv-custom-fields pt-cv-ctf-mitja\"><div class=\"pt-cv-ctf-value\">La Vanguardia<\/div><\/div><\/div><div class=\"col-md-4 pt-cv-ctf-column\"><div class=\"pt-cv-custom-fields pt-cv-ctf-titol_de_limpacte_de_premsa\"><div class=\"pt-cv-ctf-value\"><a href=\"https:\/\/projecteaina.cat\/tech\/press_clippings\/la-uab-impulsa-una-hackaton-pionera-con-inteligencia-artificial-en-catalan\/\" target=\"_blank\" rel=\"noopener\">La UAB impulsa una hackat\u00f3n pionera con inteligencia artificial en catal\u00e1n<\/a><\/div><\/div><\/div><div class=\"col-md-4 pt-cv-ctf-column\"><div class=\"pt-cv-custom-fields pt-cv-ctf-data\"><div class=\"pt-cv-ctf-value\">6 novembre 2025<\/div><\/div><\/div><\/div><\/div>\n<div class=\" pt-cv-content-item pt-cv-1-col\"  data-pid=\"8860\"><div class=\"pt-cv-ctf-list\" data-cvc=\"3\"><div class=\"col-md-4 pt-cv-ctf-column\"><div class=\"pt-cv-custom-fields pt-cv-ctf-mitja\"><div class=\"pt-cv-ctf-value\">El Espa\u00f1ol | Invertia<\/div><\/div><\/div><div class=\"col-md-4 pt-cv-ctf-column\"><div class=\"pt-cv-custom-fields pt-cv-ctf-titol_de_limpacte_de_premsa\"><div class=\"pt-cv-ctf-value\"><a href=\"https:\/\/projecteaina.cat\/tech\/press_clippings\/ia-generativa-para-romper-la-brecha-digital-entre-los-mayores-y-mejorar-la-atencion-sanitaria-a-domicilio\/\" target=\"_blank\" rel=\"noopener\"> IA generativa para romper la brecha digital entre los mayores y mejorar la atenci\u00f3n sanitaria a domicilio <\/a><\/div><\/div><\/div><div class=\"col-md-4 pt-cv-ctf-column\"><div class=\"pt-cv-custom-fields pt-cv-ctf-data\"><div class=\"pt-cv-ctf-value\">2 novembre 2025<\/div><\/div><\/div><\/div><\/div>\n<div class=\" pt-cv-content-item pt-cv-1-col\"  data-pid=\"8856\"><div class=\"pt-cv-ctf-list\" data-cvc=\"3\"><div class=\"col-md-4 pt-cv-ctf-column\"><div class=\"pt-cv-custom-fields pt-cv-ctf-mitja\"><div class=\"pt-cv-ctf-value\">Espai M\u00e8dia<\/div><\/div><\/div><div class=\"col-md-4 pt-cv-ctf-column\"><div class=\"pt-cv-custom-fields pt-cv-ctf-titol_de_limpacte_de_premsa\"><div class=\"pt-cv-ctf-value\"><a href=\"https:\/\/projecteaina.cat\/tech\/press_clippings\/mes-de-20-solucions-innovadores-per-fomentar-lus-dintelligencia-artificial-en-catala\/\" target=\"_blank\" rel=\"noopener\">M\u00e9s de 20 solucions innovadores per fomentar l\u2019\u00fas d\u2019intel\u00b7lig\u00e8ncia artificial en catal\u00e0 <\/a><\/div><\/div><\/div><div class=\"col-md-4 pt-cv-ctf-column\"><div class=\"pt-cv-custom-fields pt-cv-ctf-data\"><div class=\"pt-cv-ctf-value\">23 octubre 2025<\/div><\/div><\/div><\/div><\/div>\n<div class=\" pt-cv-content-item pt-cv-1-col\"  data-pid=\"8855\"><div class=\"pt-cv-ctf-list\" data-cvc=\"3\"><div class=\"col-md-4 pt-cv-ctf-column\"><div class=\"pt-cv-custom-fields pt-cv-ctf-mitja\"><div class=\"pt-cv-ctf-value\">Europa Press<\/div><\/div><\/div><div class=\"col-md-4 pt-cv-ctf-column\"><div class=\"pt-cv-custom-fields pt-cv-ctf-titol_de_limpacte_de_premsa\"><div class=\"pt-cv-ctf-value\"><a href=\"https:\/\/projecteaina.cat\/tech\/press_clippings\/el-aina-challenge-impulsa-22-soluciones-para-fomentar-la-adopcion-de-la-ia-empresarial-en-catalan\/\" target=\"_blank\" rel=\"noopener\">El Aina Challenge impulsa 22 soluciones para fomentar la adopci\u00f3n de la IA empresarial en catal\u00e1n<\/a><\/div><\/div><\/div><div class=\"col-md-4 pt-cv-ctf-column\"><div class=\"pt-cv-custom-fields pt-cv-ctf-data\"><div class=\"pt-cv-ctf-value\">23 octubre 2025<\/div><\/div><\/div><\/div><\/div>\n<div class=\" pt-cv-content-item pt-cv-1-col\"  data-pid=\"8832\"><div class=\"pt-cv-ctf-list\" data-cvc=\"3\"><div class=\"col-md-4 pt-cv-ctf-column\"><div class=\"pt-cv-custom-fields pt-cv-ctf-mitja\"><div class=\"pt-cv-ctf-value\">Amic.Media<\/div><\/div><\/div><div class=\"col-md-4 pt-cv-ctf-column\"><div class=\"pt-cv-custom-fields pt-cv-ctf-titol_de_limpacte_de_premsa\"><div class=\"pt-cv-ctf-value\"><a href=\"https:\/\/projecteaina.cat\/tech\/press_clippings\/lamic-i-el-barcelona-supercomputing-center-arriben-a-un-acord-per-ajudar-a-millorar-la-ia-en-catala\/\" target=\"_blank\" rel=\"noopener\">L\u2019AMIC i el Barcelona Supercomputing Center arriben a un acord per ajudar a millorar la IA en catal\u00e0<\/a><\/div><\/div><\/div><div class=\"col-md-4 pt-cv-ctf-column\"><div class=\"pt-cv-custom-fields pt-cv-ctf-data\"><div class=\"pt-cv-ctf-value\">2 octubre 2025<\/div><\/div><\/div><\/div><\/div>\n<div class=\" pt-cv-content-item pt-cv-1-col\"  data-pid=\"8820\"><div class=\"pt-cv-ctf-list\" data-cvc=\"3\"><div class=\"col-md-4 pt-cv-ctf-column\"><div class=\"pt-cv-custom-fields pt-cv-ctf-mitja\"><div class=\"pt-cv-ctf-value\">El Punt Avui<\/div><\/div><\/div><div class=\"col-md-4 pt-cv-ctf-column\"><div class=\"pt-cv-custom-fields pt-cv-ctf-titol_de_limpacte_de_premsa\"><div class=\"pt-cv-ctf-value\"><a href=\"https:\/\/projecteaina.cat\/tech\/press_clippings\/lestat-es-plurilingue-en-lestrategia-dia\/\" target=\"_blank\" rel=\"noopener\">L\u2019Estat \u00e9s pluriling\u00fce en l\u2019estrat\u00e8gia d\u2019IA <\/a><\/div><\/div><\/div><div class=\"col-md-4 pt-cv-ctf-column\"><div class=\"pt-cv-custom-fields pt-cv-ctf-data\"><div class=\"pt-cv-ctf-value\">23 setembre 2024<\/div><\/div><\/div><\/div><\/div>\n<div class=\" pt-cv-content-item pt-cv-1-col\"  data-pid=\"8814\"><div class=\"pt-cv-ctf-list\" data-cvc=\"3\"><div class=\"col-md-4 pt-cv-ctf-column\"><div class=\"pt-cv-custom-fields pt-cv-ctf-mitja\"><div class=\"pt-cv-ctf-value\">COMPUTERWORLD<\/div><\/div><\/div><div class=\"col-md-4 pt-cv-ctf-column\"><div class=\"pt-cv-custom-fields pt-cv-ctf-titol_de_limpacte_de_premsa\"><div class=\"pt-cv-ctf-value\"><a href=\"https:\/\/projecteaina.cat\/tech\/press_clippings\/ia-en-espanol-una-quimera\/\" target=\"_blank\" rel=\"noopener\">IA en espa\u00f1ol, \u00bfuna quimera?<\/a><\/div><\/div><\/div><div class=\"col-md-4 pt-cv-ctf-column\"><div class=\"pt-cv-custom-fields pt-cv-ctf-data\"><div class=\"pt-cv-ctf-value\">18 agost 2025<\/div><\/div><\/div><\/div><\/div>\n<div class=\" pt-cv-content-item pt-cv-1-col\"  data-pid=\"8763\"><div class=\"pt-cv-ctf-list\" data-cvc=\"3\"><div class=\"col-md-4 pt-cv-ctf-column\"><div class=\"pt-cv-custom-fields pt-cv-ctf-mitja\"><div class=\"pt-cv-ctf-value\">Espai M\u00e8dia<\/div><\/div><\/div><div class=\"col-md-4 pt-cv-ctf-column\"><div class=\"pt-cv-custom-fields pt-cv-ctf-titol_de_limpacte_de_premsa\"><div class=\"pt-cv-ctf-value\"><a href=\"https:\/\/projecteaina.cat\/tech\/press_clippings\/8763\/\" target=\"_blank\" rel=\"noopener\">El projecte Aina viatjar\u00e0 a la trobada internacional m\u00e9s important de tecnologies de veu en intel\u00b7lig\u00e8ncia artificial<\/a><\/div><\/div><\/div><div class=\"col-md-4 pt-cv-ctf-column\"><div class=\"pt-cv-custom-fields pt-cv-ctf-data\"><div class=\"pt-cv-ctf-value\">17 juliol 2025<\/div><\/div><\/div><\/div><\/div>\n<div class=\" pt-cv-content-item pt-cv-1-col\"  data-pid=\"8758\"><div class=\"pt-cv-ctf-list\" data-cvc=\"3\"><div class=\"col-md-4 pt-cv-ctf-column\"><div class=\"pt-cv-custom-fields pt-cv-ctf-mitja\"><div class=\"pt-cv-ctf-value\">El Punt Avui<\/div><\/div><\/div><div class=\"col-md-4 pt-cv-ctf-column\"><div class=\"pt-cv-custom-fields pt-cv-ctf-titol_de_limpacte_de_premsa\"><div class=\"pt-cv-ctf-value\"><a href=\"https:\/\/projecteaina.cat\/tech\/press_clippings\/el-marenostrum-6-per-al-2029-ha-de-tenir-tecnologia-europea\/\" target=\"_blank\" rel=\"noopener\">\u201cEl MareNostrum 6 per al 2029 ha de tenir tecnologia europea\u201d <\/a><\/div><\/div><\/div><div class=\"col-md-4 pt-cv-ctf-column\"><div class=\"pt-cv-custom-fields pt-cv-ctf-data\"><div class=\"pt-cv-ctf-value\">7 juliol 2025<\/div><\/div><\/div><\/div><\/div>\n<div class=\" pt-cv-content-item pt-cv-1-col\"  data-pid=\"8725\"><div class=\"pt-cv-ctf-list\" data-cvc=\"3\"><div class=\"col-md-4 pt-cv-ctf-column\"><div class=\"pt-cv-custom-fields pt-cv-ctf-mitja\"><div class=\"pt-cv-ctf-value\">Espai M\u00e8dia<\/div><\/div><\/div><div class=\"col-md-4 pt-cv-ctf-column\"><div class=\"pt-cv-custom-fields pt-cv-ctf-titol_de_limpacte_de_premsa\"><div class=\"pt-cv-ctf-value\"><a href=\"https:\/\/projecteaina.cat\/tech\/press_clippings\/una-cinquantena-dempreses-aspiren-a-guanyar-el-concurs-aina-challenge\/\" target=\"_blank\" rel=\"noopener\">Una cinquantena d\u2019empreses aspiren a guanyar el concurs Aina Challenge<\/a><\/div><\/div><\/div><div class=\"col-md-4 pt-cv-ctf-column\"><div class=\"pt-cv-custom-fields pt-cv-ctf-data\"><div class=\"pt-cv-ctf-value\">6 juny 2025<\/div><\/div><\/div><\/div><\/div>\n<div class=\" pt-cv-content-item pt-cv-1-col\"  data-pid=\"8693\"><div class=\"pt-cv-ctf-list\" data-cvc=\"3\"><div class=\"col-md-4 pt-cv-ctf-column\"><div class=\"pt-cv-custom-fields pt-cv-ctf-mitja\"><div class=\"pt-cv-ctf-value\">Diari Ara<\/div><\/div><\/div><div class=\"col-md-4 pt-cv-ctf-column\"><div class=\"pt-cv-custom-fields pt-cv-ctf-titol_de_limpacte_de_premsa\"><div class=\"pt-cv-ctf-value\"><a href=\"https:\/\/projecteaina.cat\/tech\/press_clippings\/albert-canigueral-no-es-una-utopia-que-catalunya-es-pugui-posicionar-en-lambit-de-la-ia\/\" target=\"_blank\" rel=\"noopener\">Albert Ca\u00f1igueral: \"No \u00e9s una utopia que Catalunya es pugui posicionar en l\u2019\u00e0mbit de la IA\" <\/a><\/div><\/div><\/div><div class=\"col-md-4 pt-cv-ctf-column\"><div class=\"pt-cv-custom-fields pt-cv-ctf-data\"><div class=\"pt-cv-ctf-value\">25 maig 2025<\/div><\/div><\/div><\/div><\/div>\n<div class=\" pt-cv-content-item pt-cv-1-col\"  data-pid=\"8692\"><div class=\"pt-cv-ctf-list\" data-cvc=\"3\"><div class=\"col-md-4 pt-cv-ctf-column\"><div class=\"pt-cv-custom-fields pt-cv-ctf-mitja\"><div class=\"pt-cv-ctf-value\">El Peri\u00f3dico<\/div><\/div><\/div><div class=\"col-md-4 pt-cv-ctf-column\"><div class=\"pt-cv-custom-fields pt-cv-ctf-titol_de_limpacte_de_premsa\"><div class=\"pt-cv-ctf-value\"><a href=\"https:\/\/projecteaina.cat\/tech\/press_clippings\/el-govern-crea-la-nueva-direccion-general-de-ia-con-el-reto-de-que-el-60-de-los-trabajadores-publicos-la-use-ya-este-ano\/\" target=\"_blank\" rel=\"noopener\">El Govern crea la nueva direcci\u00f3n general de IA con el reto de que el 60% de los trabajadores p\u00fablicos la use ya este a\u00f1o<\/a><\/div><\/div><\/div><div class=\"col-md-4 pt-cv-ctf-column\"><div class=\"pt-cv-custom-fields pt-cv-ctf-data\"><div class=\"pt-cv-ctf-value\">25 maig 2025<\/div><\/div><\/div><\/div><\/div>\n<div class=\" pt-cv-content-item pt-cv-1-col\"  data-pid=\"8670\"><div class=\"pt-cv-ctf-list\" data-cvc=\"3\"><div class=\"col-md-4 pt-cv-ctf-column\"><div class=\"pt-cv-custom-fields pt-cv-ctf-mitja\"><div class=\"pt-cv-ctf-value\">N\u00favol (ara.cat)<\/div><\/div><\/div><div class=\"col-md-4 pt-cv-ctf-column\"><div class=\"pt-cv-custom-fields pt-cv-ctf-titol_de_limpacte_de_premsa\"><div class=\"pt-cv-ctf-value\"><a href=\"https:\/\/projecteaina.cat\/tech\/press_clippings\/la-plenaria-de-mutare-aborda-els-reptes-de-la-ia-en-la-cultura\/\" target=\"_blank\" rel=\"noopener\">La Plen\u00e0ria de Mutare aborda els reptes de la IA en la cultura<\/a><\/div><\/div><\/div><div class=\"col-md-4 pt-cv-ctf-column\"><div class=\"pt-cv-custom-fields pt-cv-ctf-data\"><div class=\"pt-cv-ctf-value\">5 maig 2025<\/div><\/div><\/div><\/div><\/div>\n<div class=\" pt-cv-content-item pt-cv-1-col\"  data-pid=\"8667\"><div class=\"pt-cv-ctf-list\" data-cvc=\"3\"><div class=\"col-md-4 pt-cv-ctf-column\"><div class=\"pt-cv-custom-fields pt-cv-ctf-mitja\"><div class=\"pt-cv-ctf-value\">Europa Press<\/div><\/div><\/div><div class=\"col-md-4 pt-cv-ctf-column\"><div class=\"pt-cv-custom-fields pt-cv-ctf-titol_de_limpacte_de_premsa\"><div class=\"pt-cv-ctf-value\"><a href=\"https:\/\/projecteaina.cat\/tech\/press_clippings\/la-generalitat-integrara-en-una-sola-plataforma-comun-y-segura-todos-sus-datos\/\" target=\"_blank\" rel=\"noopener\">La Generalitat integrar\u00e1 en \"una sola plataforma com\u00fan y segura\" todos sus datos<\/a><\/div><\/div><\/div><div class=\"col-md-4 pt-cv-ctf-column\"><div class=\"pt-cv-custom-fields pt-cv-ctf-data\"><div class=\"pt-cv-ctf-value\">15 abril 2025<\/div><\/div><\/div><\/div><\/div>\n<div class=\" pt-cv-content-item pt-cv-1-col\"  data-pid=\"8634\"><div class=\"pt-cv-ctf-list\" data-cvc=\"3\"><div class=\"col-md-4 pt-cv-ctf-column\"><div class=\"pt-cv-custom-fields pt-cv-ctf-mitja\"><div class=\"pt-cv-ctf-value\">El Punt Avui<\/div><\/div><\/div><div class=\"col-md-4 pt-cv-ctf-column\"><div class=\"pt-cv-custom-fields pt-cv-ctf-titol_de_limpacte_de_premsa\"><div class=\"pt-cv-ctf-value\"><a href=\"https:\/\/projecteaina.cat\/tech\/press_clippings\/estem-davant-duna-revolucio-pel-que-fa-a-evolucio-cientifica-anna-escoda-responsable-de-transferencia-tecnologica-del-bsc\/\" target=\"_blank\" rel=\"noopener\">\"Estem davant d'una revoluci\u00f3 pel que fa a evoluci\u00f3 cient\u00edfica\", Anna Escoda - responsable de Transfer\u00e8ncia Tecnol\u00f2gica del BSC<\/a><\/div><\/div><\/div><div class=\"col-md-4 pt-cv-ctf-column\"><div class=\"pt-cv-custom-fields pt-cv-ctf-data\"><div class=\"pt-cv-ctf-value\">31 mar\u00e7 2025<\/div><\/div><\/div><\/div><\/div>\n<div class=\" pt-cv-content-item pt-cv-1-col\"  data-pid=\"8633\"><div class=\"pt-cv-ctf-list\" data-cvc=\"3\"><div class=\"col-md-4 pt-cv-ctf-column\"><div class=\"pt-cv-custom-fields pt-cv-ctf-mitja\"><div class=\"pt-cv-ctf-value\">El Espa\u00f1ol | Invertia<\/div><\/div><\/div><div class=\"col-md-4 pt-cv-ctf-column\"><div class=\"pt-cv-custom-fields pt-cv-ctf-titol_de_limpacte_de_premsa\"><div class=\"pt-cv-ctf-value\"><a href=\"https:\/\/projecteaina.cat\/tech\/press_clippings\/la-inteligencia-artificial-catalana-busca-aplicaciones-para-consolidar-el-proyecto-aina-que-cumple-tres-anos\/\" target=\"_blank\" rel=\"noopener\">La inteligencia artificial catalana busca aplicaciones para consolidar el proyecto AINA, que cumple tres a\u00f1os<\/a><\/div><\/div><\/div><div class=\"col-md-4 pt-cv-ctf-column\"><div class=\"pt-cv-custom-fields pt-cv-ctf-data\"><div class=\"pt-cv-ctf-value\">28 mar\u00e7 2025<\/div><\/div><\/div><\/div><\/div>\n<div class=\" pt-cv-content-item pt-cv-1-col\"  data-pid=\"8630\"><div class=\"pt-cv-ctf-list\" data-cvc=\"3\"><div class=\"col-md-4 pt-cv-ctf-column\"><div class=\"pt-cv-custom-fields pt-cv-ctf-mitja\"><div class=\"pt-cv-ctf-value\">El Nacional - ON IA<\/div><\/div><\/div><div class=\"col-md-4 pt-cv-ctf-column\"><div class=\"pt-cv-custom-fields pt-cv-ctf-titol_de_limpacte_de_premsa\"><div class=\"pt-cv-ctf-value\"><a href=\"https:\/\/projecteaina.cat\/tech\/press_clippings\/com-apuntar-te-a-laina-challenge-el-concurs-dia-del-govern-dotat-amb-1-milio-deuros\/\" target=\"_blank\" rel=\"noopener\">Com apuntar-te a l'Aina Challenge: el concurs d'IA del Govern dotat amb 1 mili\u00f3 d'euros<\/a><\/div><\/div><\/div><div class=\"col-md-4 pt-cv-ctf-column\"><div class=\"pt-cv-custom-fields pt-cv-ctf-data\"><div class=\"pt-cv-ctf-value\">26 mar\u00e7 2025<\/div><\/div><\/div><\/div><\/div>\n<div class=\" pt-cv-content-item pt-cv-1-col\"  data-pid=\"8632\"><div class=\"pt-cv-ctf-list\" data-cvc=\"3\"><div class=\"col-md-4 pt-cv-ctf-column\"><div class=\"pt-cv-custom-fields pt-cv-ctf-mitja\"><div class=\"pt-cv-ctf-value\">20 minutos<\/div><\/div><\/div><div class=\"col-md-4 pt-cv-ctf-column\"><div class=\"pt-cv-custom-fields pt-cv-ctf-titol_de_limpacte_de_premsa\"><div class=\"pt-cv-ctf-value\"><a href=\"https:\/\/projecteaina.cat\/tech\/press_clippings\/el-govern-destina-un-millon-de-euros-al-aina-challenge-para-financiar-herramientas-de-ia-en-catalan\/\" target=\"_blank\" rel=\"noopener\">El Govern destina un mill\u00f3n de euros al 'Aina Challenge' para financiar herramientas de IA en catal\u00e1n<\/a><\/div><\/div><\/div><div class=\"col-md-4 pt-cv-ctf-column\"><div class=\"pt-cv-custom-fields pt-cv-ctf-data\"><div class=\"pt-cv-ctf-value\">26 mar\u00e7 2025<\/div><\/div><\/div><\/div><\/div><\/div><\/div>\n<div class=\"text-center pt-cv-pagination-wrapper\"><a href='https:\/\/projecteaina.cat\/tech\/wp-json\/wp\/v2\/pages\/7521\/?_page=2' onclick='event.preventDefault()' class=\"pt-cv-more btn btn-primary btn-sm\" data-totalpages=\"4\" data-nextpages=\"2\" data-sid=\"55ba034xsh\" data-unid=\"\" data-isblock=\"\" data-postid=\"\">M\u00e9s Impactes de Premsa <span class=\"caret\"><\/span><\/a><img decoding=\"async\" width=\"15\" height=\"15\" class=\"pt-cv-spinner\" alt=\"Loading...\" src=\"data:image\/gif;base64,R0lGODlhDwAPALMPAMrKygwMDJOTkz09PZWVla+vr3p6euTk5M7OzuXl5TMzMwAAAJmZmWZmZszMzP\/\/\/yH\/C05FVFNDQVBFMi4wAwEAAAAh+QQFCgAPACwAAAAADwAPAAAEQvDJaZaZOIcV8iQK8VRX4iTYoAwZ4iCYoAjZ4RxejhVNoT+mRGP4cyF4Pp0N98sBGIBMEMOotl6YZ3S61Bmbkm4mAgAh+QQFCgAPACwAAAAADQANAAAENPDJSRSZeA418itN8QiK8BiLITVsFiyBBIoYqnoewAD4xPw9iY4XLGYSjkQR4UAUD45DLwIAIfkEBQoADwAsAAAAAA8ACQAABC\/wyVlamTi3nSdgwFNdhEJgTJoNyoB9ISYoQmdjiZPcj7EYCAeCF1gEDo4Dz2eIAAAh+QQFCgAPACwCAAAADQANAAAEM\/DJBxiYeLKdX3IJZT1FU0iIg2RNKx3OkZVnZ98ToRD4MyiDnkAh6BkNC0MvsAj0kMpHBAAh+QQFCgAPACwGAAAACQAPAAAEMDC59KpFDll73HkAA2wVY5KgiK5b0RRoI6MuzG6EQqCDMlSGheEhUAgqgUUAFRySIgAh+QQFCgAPACwCAAIADQANAAAEM\/DJKZNLND\/kkKaHc3xk+QAMYDKsiaqmZCxGVjSFFCxB1vwy2oOgIDxuucxAMTAJFAJNBAAh+QQFCgAPACwAAAYADwAJAAAEMNAs86q1yaWwwv2Ig0jUZx3OYa4XoRAfwADXoAwfo1+CIjyFRuEho60aSNYlOPxEAAAh+QQFCgAPACwAAAIADQANAAAENPA9s4y8+IUVcqaWJ4qEQozSoAzoIyhCK2NFU2SJk0hNnyEOhKR2AzAAj4Pj4GE4W0bkJQIAOw==\" \/><div class=\"clear pt-cv-clear-pagination\"><\/div><\/div><\/div>\t\t\t<style type=\"text\/css\" id=\"pt-cv-inline-style-08622fapvb\">\n#pt-cv-view-55ba034xsh .pt-cv-thumb-wrapper:not(.miniwrap) {  }#pt-cv-view-55ba034xsh .pt-cv-thumbnail:not(.pt-cv-thumbnailsm) { height: 250px; }#pt-cv-view-55ba034xsh > .pt-cv-page {grid-template-columns: repeat(1, 1fr);grid-gap: 13px;}\n@media all and (max-width: 1024px) { \n#pt-cv-view-55ba034xsh > .pt-cv-page {grid-template-columns: repeat(1, 1fr);}\n} \n@media all and (max-width: 767px) { \n#pt-cv-view-55ba034xsh > .pt-cv-page {grid-template-columns: repeat(1, 1fr);}\n} <\/style>\r\n\t\t\t\t\t\t<style type=\"text\/css\" id=\"pt-cv-inline-style-bca279eaep\">#pt-cv-view-55ba034xsh .pt-cv-title a, #pt-cv-view-55ba034xsh  .panel-title { font-weight: 600 !important; }\n#pt-cv-view-55ba034xsh .pt-cv-readmore  { color: #ffffff !important; background-color: #00aeef !important; }\n#pt-cv-view-55ba034xsh .pt-cv-readmore:hover  { color: #ffffff !important; background-color: #00aeef !important; }\n#pt-cv-view-55ba034xsh  + .pt-cv-pagination-wrapper .pt-cv-more , #pt-cv-view-55ba034xsh  + .pt-cv-pagination-wrapper .pagination .active a, .pt-cv-pagination[data-sid='55ba034xsh'] .active a { color: #ffffff !important; background-color: #00aeef !important; }\n#pt-cv-view-55ba034xsh { text-align: center; }<\/style>\r\n\t\t\t\n<\/div><\/div><\/div><\/div><\/div><\/p>\n","protected":false},"excerpt":{"rendered":"","protected":false},"author":1,"featured_media":0,"parent":0,"menu_order":0,"comment_status":"closed","ping_status":"closed","template":"100-width.php","meta":{"_acf_changed":false,"_monsterinsights_skip_tracking":false,"_monsterinsights_sitenote_active":false,"_monsterinsights_sitenote_note":"","_monsterinsights_sitenote_category":0,"footnotes":""},"class_list":["post-7521","page","type-page","status-publish","hentry"],"acf":[],"yoast_head":"<!-- This site is optimized with the Yoast SEO plugin v27.5 - https:\/\/yoast.com\/product\/yoast-seo-wordpress\/ -->\n<title>Impactes de premsa - Projecte Aina Tech<\/title>\n<meta name=\"robots\" content=\"index, follow, max-snippet:-1, max-image-preview:large, max-video-preview:-1\" \/>\n<link rel=\"canonical\" href=\"https:\/\/projecteaina.cat\/tech\/impactes-de-premsa\/\" \/>\n<meta property=\"og:locale\" content=\"ca_ES\" \/>\n<meta property=\"og:type\" content=\"article\" \/>\n<meta property=\"og:title\" content=\"Impactes de premsa - Projecte Aina Tech\" \/>\n<meta property=\"og:url\" content=\"https:\/\/projecteaina.cat\/tech\/impactes-de-premsa\/\" \/>\n<meta property=\"og:site_name\" content=\"Projecte Aina Tech\" \/>\n<meta property=\"article:modified_time\" content=\"2024-05-15T11:20:58+00:00\" \/>\n<meta name=\"twitter:card\" content=\"summary_large_image\" \/>\n<meta name=\"twitter:site\" content=\"@projecte_aina\" \/>\n<meta name=\"twitter:label1\" content=\"Temps estimat de lectura\" \/>\n\t<meta name=\"twitter:data1\" content=\"1 minut\" \/>\n<script type=\"application\/ld+json\" class=\"yoast-schema-graph\">{\"@context\":\"https:\\\/\\\/schema.org\",\"@graph\":[{\"@type\":\"WebPage\",\"@id\":\"https:\\\/\\\/projecteaina.cat\\\/tech\\\/impactes-de-premsa\\\/\",\"url\":\"https:\\\/\\\/projecteaina.cat\\\/tech\\\/impactes-de-premsa\\\/\",\"name\":\"Impactes de premsa - Projecte Aina Tech\",\"isPartOf\":{\"@id\":\"https:\\\/\\\/projecteaina.cat\\\/tech\\\/#website\"},\"datePublished\":\"2024-02-12T01:15:25+00:00\",\"dateModified\":\"2024-05-15T11:20:58+00:00\",\"breadcrumb\":{\"@id\":\"https:\\\/\\\/projecteaina.cat\\\/tech\\\/impactes-de-premsa\\\/#breadcrumb\"},\"inLanguage\":\"ca\",\"potentialAction\":[{\"@type\":\"ReadAction\",\"target\":[\"https:\\\/\\\/projecteaina.cat\\\/tech\\\/impactes-de-premsa\\\/\"]}]},{\"@type\":\"BreadcrumbList\",\"@id\":\"https:\\\/\\\/projecteaina.cat\\\/tech\\\/impactes-de-premsa\\\/#breadcrumb\",\"itemListElement\":[{\"@type\":\"ListItem\",\"position\":1,\"name\":\"Inici\",\"item\":\"https:\\\/\\\/projecteaina.cat\\\/tech\\\/\"},{\"@type\":\"ListItem\",\"position\":2,\"name\":\"Impactes de premsa\"}]},{\"@type\":\"WebSite\",\"@id\":\"https:\\\/\\\/projecteaina.cat\\\/tech\\\/#website\",\"url\":\"https:\\\/\\\/projecteaina.cat\\\/tech\\\/\",\"name\":\"Projecte Aina Tech\",\"description\":\"Impulsant l&#039;\u00fas del catal\u00e0 en l&#039;era digital\",\"publisher\":{\"@id\":\"https:\\\/\\\/projecteaina.cat\\\/tech\\\/#organization\"},\"potentialAction\":[{\"@type\":\"SearchAction\",\"target\":{\"@type\":\"EntryPoint\",\"urlTemplate\":\"https:\\\/\\\/projecteaina.cat\\\/tech\\\/?s={search_term_string}\"},\"query-input\":{\"@type\":\"PropertyValueSpecification\",\"valueRequired\":true,\"valueName\":\"search_term_string\"}}],\"inLanguage\":\"ca\"},{\"@type\":\"Organization\",\"@id\":\"https:\\\/\\\/projecteaina.cat\\\/tech\\\/#organization\",\"name\":\"Projecte Aina Tech\",\"url\":\"https:\\\/\\\/projecteaina.cat\\\/tech\\\/\",\"logo\":{\"@type\":\"ImageObject\",\"inLanguage\":\"ca\",\"@id\":\"https:\\\/\\\/projecteaina.cat\\\/tech\\\/#\\\/schema\\\/logo\\\/image\\\/\",\"url\":\"https:\\\/\\\/projecteaina.cat\\\/tech\\\/wp-content\\\/uploads\\\/2023\\\/11\\\/cropped-aina-home-logo.jpg\",\"contentUrl\":\"https:\\\/\\\/projecteaina.cat\\\/tech\\\/wp-content\\\/uploads\\\/2023\\\/11\\\/cropped-aina-home-logo.jpg\",\"width\":512,\"height\":512,\"caption\":\"Projecte Aina Tech\"},\"image\":{\"@id\":\"https:\\\/\\\/projecteaina.cat\\\/tech\\\/#\\\/schema\\\/logo\\\/image\\\/\"},\"sameAs\":[\"https:\\\/\\\/x.com\\\/projecte_aina\",\"https:\\\/\\\/www.linkedin.com\\\/company\\\/projecte-aina\\\/\"]}]}<\/script>\n<!-- \/ Yoast SEO plugin. -->","yoast_head_json":{"title":"Impactes de premsa - Projecte Aina Tech","robots":{"index":"index","follow":"follow","max-snippet":"max-snippet:-1","max-image-preview":"max-image-preview:large","max-video-preview":"max-video-preview:-1"},"canonical":"https:\/\/projecteaina.cat\/tech\/impactes-de-premsa\/","og_locale":"ca_ES","og_type":"article","og_title":"Impactes de premsa - Projecte Aina Tech","og_url":"https:\/\/projecteaina.cat\/tech\/impactes-de-premsa\/","og_site_name":"Projecte Aina Tech","article_modified_time":"2024-05-15T11:20:58+00:00","twitter_card":"summary_large_image","twitter_site":"@projecte_aina","twitter_misc":{"Temps estimat de lectura":"1 minut"},"schema":{"@context":"https:\/\/schema.org","@graph":[{"@type":"WebPage","@id":"https:\/\/projecteaina.cat\/tech\/impactes-de-premsa\/","url":"https:\/\/projecteaina.cat\/tech\/impactes-de-premsa\/","name":"Impactes de premsa - Projecte Aina Tech","isPartOf":{"@id":"https:\/\/projecteaina.cat\/tech\/#website"},"datePublished":"2024-02-12T01:15:25+00:00","dateModified":"2024-05-15T11:20:58+00:00","breadcrumb":{"@id":"https:\/\/projecteaina.cat\/tech\/impactes-de-premsa\/#breadcrumb"},"inLanguage":"ca","potentialAction":[{"@type":"ReadAction","target":["https:\/\/projecteaina.cat\/tech\/impactes-de-premsa\/"]}]},{"@type":"BreadcrumbList","@id":"https:\/\/projecteaina.cat\/tech\/impactes-de-premsa\/#breadcrumb","itemListElement":[{"@type":"ListItem","position":1,"name":"Inici","item":"https:\/\/projecteaina.cat\/tech\/"},{"@type":"ListItem","position":2,"name":"Impactes de premsa"}]},{"@type":"WebSite","@id":"https:\/\/projecteaina.cat\/tech\/#website","url":"https:\/\/projecteaina.cat\/tech\/","name":"Projecte Aina Tech","description":"Impulsant l&#039;\u00fas del catal\u00e0 en l&#039;era digital","publisher":{"@id":"https:\/\/projecteaina.cat\/tech\/#organization"},"potentialAction":[{"@type":"SearchAction","target":{"@type":"EntryPoint","urlTemplate":"https:\/\/projecteaina.cat\/tech\/?s={search_term_string}"},"query-input":{"@type":"PropertyValueSpecification","valueRequired":true,"valueName":"search_term_string"}}],"inLanguage":"ca"},{"@type":"Organization","@id":"https:\/\/projecteaina.cat\/tech\/#organization","name":"Projecte Aina Tech","url":"https:\/\/projecteaina.cat\/tech\/","logo":{"@type":"ImageObject","inLanguage":"ca","@id":"https:\/\/projecteaina.cat\/tech\/#\/schema\/logo\/image\/","url":"https:\/\/projecteaina.cat\/tech\/wp-content\/uploads\/2023\/11\/cropped-aina-home-logo.jpg","contentUrl":"https:\/\/projecteaina.cat\/tech\/wp-content\/uploads\/2023\/11\/cropped-aina-home-logo.jpg","width":512,"height":512,"caption":"Projecte Aina Tech"},"image":{"@id":"https:\/\/projecteaina.cat\/tech\/#\/schema\/logo\/image\/"},"sameAs":["https:\/\/x.com\/projecte_aina","https:\/\/www.linkedin.com\/company\/projecte-aina\/"]}]}},"_links":{"self":[{"href":"https:\/\/projecteaina.cat\/tech\/wp-json\/wp\/v2\/pages\/7521","targetHints":{"allow":["GET"]}}],"collection":[{"href":"https:\/\/projecteaina.cat\/tech\/wp-json\/wp\/v2\/pages"}],"about":[{"href":"https:\/\/projecteaina.cat\/tech\/wp-json\/wp\/v2\/types\/page"}],"author":[{"embeddable":true,"href":"https:\/\/projecteaina.cat\/tech\/wp-json\/wp\/v2\/users\/1"}],"replies":[{"embeddable":true,"href":"https:\/\/projecteaina.cat\/tech\/wp-json\/wp\/v2\/comments?post=7521"}],"version-history":[{"count":6,"href":"https:\/\/projecteaina.cat\/tech\/wp-json\/wp\/v2\/pages\/7521\/revisions"}],"predecessor-version":[{"id":7758,"href":"https:\/\/projecteaina.cat\/tech\/wp-json\/wp\/v2\/pages\/7521\/revisions\/7758"}],"wp:attachment":[{"href":"https:\/\/projecteaina.cat\/tech\/wp-json\/wp\/v2\/media?parent=7521"}],"curies":[{"name":"wp","href":"https:\/\/api.w.org\/{rel}","templated":true}]}}