{"id":25,"date":"2023-11-21T11:15:57","date_gmt":"2023-11-21T10:15:57","guid":{"rendered":"https:\/\/projecteaina.cat\/tech\/?page_id=25"},"modified":"2024-01-15T09:43:58","modified_gmt":"2024-01-15T08:43:58","slug":"noticies-cientifiques","status":"publish","type":"page","link":"https:\/\/projecteaina.cat\/tech\/noticies-cientifiques\/","title":{"rendered":"Not\u00edcies cient\u00edfiques"},"content":{"rendered":"<p><div class=\"fusion-fullwidth fullwidth-box fusion-builder-row-1 fusion-flex-container has-pattern-background has-mask-background nonhundred-percent-fullwidth non-hundred-percent-height-scrolling\" style=\"--awb-border-radius-top-left:0px;--awb-border-radius-top-right:0px;--awb-border-radius-bottom-right:0px;--awb-border-radius-bottom-left:0px;--awb-padding-top:35px;--awb-flex-wrap:wrap;\" ><div class=\"fusion-builder-row fusion-row fusion-flex-align-items-flex-start fusion-flex-content-wrap\" style=\"max-width:1248px;margin-left: calc(-4% \/ 2 );margin-right: calc(-4% \/ 2 );\"><div class=\"fusion-layout-column fusion_builder_column fusion-builder-column-0 fusion_builder_column_1_1 1_1 fusion-flex-column\" style=\"--awb-bg-size:cover;--awb-width-large:100%;--awb-margin-top-large:0px;--awb-spacing-right-large:1.92%;--awb-margin-bottom-large:20px;--awb-spacing-left-large:1.92%;--awb-width-medium:100%;--awb-order-medium:0;--awb-spacing-right-medium:1.92%;--awb-spacing-left-medium:1.92%;--awb-width-small:100%;--awb-order-small:0;--awb-spacing-right-small:1.92%;--awb-spacing-left-small:1.92%;\"><div class=\"fusion-column-wrapper fusion-column-has-shadow fusion-flex-justify-content-flex-start fusion-content-layout-column\"><div class=\"fusion-title title fusion-title-1 fusion-sep-none fusion-title-text fusion-title-size-two\" style=\"--awb-font-size:48px;\"><h2 class=\"fusion-title-heading title-heading-left\" style=\"font-family:&quot;Roboto&quot;;font-style:normal;font-weight:700;margin:0;font-size:1em;text-transform:none;\">Not\u00edcies cient\u00edfiques<\/h2><\/div><div class=\"fusion-separator\" style=\"align-self: flex-start;margin-right:auto;width:100%;max-width:86px;\"><div class=\"fusion-separator-border sep-single sep-solid\" style=\"--awb-height:20px;--awb-amount:20px;--awb-sep-color:#000000;border-color:#000000;border-top-width:9px;\"><\/div><\/div><\/div><\/div><\/div><\/div><div class=\"fusion-fullwidth fullwidth-box fusion-builder-row-2 fusion-flex-container has-pattern-background has-mask-background nonhundred-percent-fullwidth non-hundred-percent-height-scrolling\" style=\"--awb-border-radius-top-left:0px;--awb-border-radius-top-right:0px;--awb-border-radius-bottom-right:0px;--awb-border-radius-bottom-left:0px;--awb-flex-wrap:wrap;\" ><div class=\"fusion-builder-row fusion-row fusion-flex-align-items-flex-start fusion-flex-content-wrap\" style=\"max-width:1248px;margin-left: calc(-4% \/ 2 );margin-right: calc(-4% \/ 2 );\"><div class=\"fusion-layout-column fusion_builder_column fusion-builder-column-1 fusion_builder_column_1_1 1_1 fusion-flex-column\" style=\"--awb-bg-size:cover;--awb-width-large:100%;--awb-margin-top-large:0px;--awb-spacing-right-large:1.92%;--awb-margin-bottom-large:20px;--awb-spacing-left-large:1.92%;--awb-width-medium:100%;--awb-order-medium:0;--awb-spacing-right-medium:1.92%;--awb-spacing-left-medium:1.92%;--awb-width-small:100%;--awb-order-small:0;--awb-spacing-right-small:1.92%;--awb-spacing-left-small:1.92%;\"><div class=\"fusion-column-wrapper fusion-column-has-shadow fusion-flex-justify-content-flex-start fusion-content-layout-column\"><div class=\"fusion-blog-shortcode fusion-blog-shortcode-1 fusion-blog-archive fusion-blog-layout-medium-alternate fusion-blog-pagination\" style=\"--awb-title-font-size:27px;--awb-title-font-family:&quot;Roboto&quot;;--awb-title-font-style:normal;--awb-title-font-weight:400;\"><div class=\"fusion-posts-container fusion-posts-container-pagination fusion-blog-rollover\" data-pages=\"3\"><article id=\"blog-1-post-8930\" class=\"fusion-post-medium-alternate post-8930 post type-post status-publish format-standard has-post-thumbnail hentry category-noticies-cientifiques tag-catala tag-ia tag-videojocs\">\n<div class=\"fusion-date-and-formats\"><div class=\"fusion-date-box updated\"><span class=\"fusion-date\">11<\/span><span class=\"fusion-month-year\">03, 2026<\/span><\/div><div class=\"fusion-format-box\"><i class=\"awb-icon-pen\" aria-hidden=\"true\"><\/i><\/div><\/div>\t<style type=\"text\/css\">\n\t\t\n\t\t\n\t\t\n\t\t\n\t\t\t<\/style>\n\n\n\t\t\t<div class=\"fusion-flexslider flexslider fusion-flexslider-loading fusion-post-slideshow\" style=\"\">\n\t\t<ul class=\"slides\">\n\t\t\t\n\t\t\t\t\t\t\t\t\t\t\t\t\t\t<li><div  class=\"fusion-image-wrapper fusion-image-size-fixed\" aria-haspopup=\"true\">\n\t\t\t\t<img decoding=\"async\" width=\"320\" height=\"202\" src=\"https:\/\/projecteaina.cat\/tech\/wp-content\/uploads\/2026\/04\/AinaMWC262-320x202.jpg\" class=\"attachment-blog-medium size-blog-medium wp-post-image\" alt=\"\" srcset=\"https:\/\/projecteaina.cat\/tech\/wp-content\/uploads\/2026\/04\/AinaMWC262-320x202.jpg 320w, https:\/\/projecteaina.cat\/tech\/wp-content\/uploads\/2026\/04\/AinaMWC262-700x441.jpg 700w\" sizes=\"(max-width: 320px) 100vw, 320px\" \/><div class=\"fusion-rollover\">\n\t<div class=\"fusion-rollover-content\">\n\n\t\t\t\t\t\t\t\t\t\t\t\t\t\t<a class=\"fusion-rollover-link\" href=\"https:\/\/projecteaina.cat\/tech\/mwc-2026-cap-a-una-integracio-daina-en-lambit-dels-videojocs\/\">MWC 2026: Cap a una integraci\u00f3 d&#8217;Aina en l&#8217;\u00e0mbit dels videojocs<\/a>\n\t\t\t\n\t\t\t\t\t\t\t\t\t\t\t\t\t\t\n\t\t\t\t\t\t\t\t\n\t\t\t\t\t\t\t\t\t\t\t\t\t<div class=\"fusion-rollover-sep\"><\/div>\n\t\t\t\t\n\t\t\t\t\t\t\t\t\t\t\t\t\t\t\t\t\t\t<a class=\"fusion-rollover-gallery\" href=\"https:\/\/projecteaina.cat\/tech\/wp-content\/uploads\/2026\/04\/AinaMWC262.jpg\" data-id=\"8930\" data-rel=\"iLightbox[gallery]\" data-title=\"AinaMWC262\" data-caption=\"\">\n\t\t\t\t\t\tGallery\t\t\t\t\t<\/a>\n\t\t\t\t\t\t\t\t\t\t\t\t\t\t\n\t\t\n\t\t\t\t\t\t\t\t\t\t\t\t<h4 class=\"fusion-rollover-title\">\n\t\t\t\t\t<a class=\"fusion-rollover-title-link\" href=\"https:\/\/projecteaina.cat\/tech\/mwc-2026-cap-a-una-integracio-daina-en-lambit-dels-videojocs\/\">\n\t\t\t\t\t\tMWC 2026: Cap a una integraci\u00f3 d&#8217;Aina en l&#8217;\u00e0mbit dels videojocs\t\t\t\t\t<\/a>\n\t\t\t\t<\/h4>\n\t\t\t\n\t\t\t\t\t\t\t\t\t\t<div class=\"fusion-rollover-categories\"><a href=\"https:\/\/projecteaina.cat\/tech\/categoria\/noticies-cientifiques\/\" rel=\"tag\">Not\u00edcies cient\u00edfiques<\/a><\/div>\t\t\t\t\t\n\t\t\n\t\t\t\t\t\t<a class=\"fusion-link-wrapper\" href=\"https:\/\/projecteaina.cat\/tech\/mwc-2026-cap-a-una-integracio-daina-en-lambit-dels-videojocs\/\" aria-label=\"MWC 2026: Cap a una integraci\u00f3 d&#8217;Aina en l&#8217;\u00e0mbit dels videojocs\"><\/a>\n\t<\/div>\n<\/div>\n<\/div>\n<\/li>\n\t\t\t\n\t\t\t\n\t\t\t\t\t\t\t\t\t\t\t\t\t\t\t\t\t\t\t\t\t\t\t\t\t\t\t\t\t\t\t\t\t\t\t\t\t\t\t\t\t\t\t\t\t\t\t\t\t\t\t\t\t\t\t\t\t\t\t\t\t\t\t\t\t\t\t\t<\/ul>\n\t<\/div>\n\t<div class=\"fusion-post-content post-content\"><h3 class=\"blog-shortcode-post-title entry-title\"><a href=\"https:\/\/projecteaina.cat\/tech\/mwc-2026-cap-a-una-integracio-daina-en-lambit-dels-videojocs\/\">MWC 2026: Cap a una integraci\u00f3 d&#8217;Aina en l&#8217;\u00e0mbit dels videojocs<\/a><\/h3><p class=\"fusion-single-line-meta\"><span class=\"updated\" style=\"display:none;\">2026-04-17T17:48:50+02:00<\/span><span>11 de mar\u00e7 de 2026<\/span><span class=\"fusion-inline-sep\">|<\/span><\/p><div class=\"fusion-post-content-container\"><p>Durant la setmana del MWC 2026, l'equip t\u00e8cnic del Projecte Aina ha explicat en qu\u00e8 consisteix el desenvolupament de models de reconeixement i s\u00edntesi de veu. En concret, com a trav\u00e9s de la generaci\u00f3 de corpus de veu en catal\u00e0 [...]<\/p><\/div><\/div><div class=\"fusion-clearfix\"><\/div><\/article>\n<article id=\"blog-1-post-8883\" class=\"fusion-post-medium-alternate post-8883 post type-post status-publish format-standard has-post-thumbnail hentry category-noticies-cientifiques\">\n<div class=\"fusion-date-and-formats\"><div class=\"fusion-date-box updated\"><span class=\"fusion-date\">2<\/span><span class=\"fusion-month-year\">12, 2025<\/span><\/div><div class=\"fusion-format-box\"><i class=\"awb-icon-pen\" aria-hidden=\"true\"><\/i><\/div><\/div>\t<style type=\"text\/css\">\n\t\t\n\t\t\n\t\t\n\t\t\n\t\t\t<\/style>\n\n\n\t\t\t<div class=\"fusion-flexslider flexslider fusion-flexslider-loading fusion-post-slideshow\" style=\"\">\n\t\t<ul class=\"slides\">\n\t\t\t\n\t\t\t\t\t\t\t\t\t\t\t\t\t\t<li><div  class=\"fusion-image-wrapper fusion-image-size-fixed\" aria-haspopup=\"true\">\n\t\t\t\t<img decoding=\"async\" width=\"320\" height=\"202\" src=\"https:\/\/projecteaina.cat\/tech\/wp-content\/uploads\/2025\/12\/Estand-Projecte-Aina2-320x202.jpeg\" class=\"attachment-blog-medium size-blog-medium wp-post-image\" alt=\"Estand del Projecte Aina al SAGA\" srcset=\"https:\/\/projecteaina.cat\/tech\/wp-content\/uploads\/2025\/12\/Estand-Projecte-Aina2-320x202.jpeg 320w, https:\/\/projecteaina.cat\/tech\/wp-content\/uploads\/2025\/12\/Estand-Projecte-Aina2-700x441.jpeg 700w\" sizes=\"(max-width: 320px) 100vw, 320px\" \/><div class=\"fusion-rollover\">\n\t<div class=\"fusion-rollover-content\">\n\n\t\t\t\t\t\t\t\t\t\t\t\t\t\t<a class=\"fusion-rollover-link\" href=\"https:\/\/projecteaina.cat\/tech\/aina-explica-la-integracio-dels-models-de-veu-en-els-videojocs-durant-el-saga-2025\/\">Aina explica la integraci\u00f3 dels models de veu en els videojocs durant el SAGA 2025<\/a>\n\t\t\t\n\t\t\t\t\t\t\t\t\t\t\t\t\t\t\n\t\t\t\t\t\t\t\t\n\t\t\t\t\t\t\t\t\t\t\t\t\t<div class=\"fusion-rollover-sep\"><\/div>\n\t\t\t\t\n\t\t\t\t\t\t\t\t\t\t\t\t\t\t\t\t\t\t<a class=\"fusion-rollover-gallery\" href=\"https:\/\/projecteaina.cat\/tech\/wp-content\/uploads\/2025\/12\/Estand-Projecte-Aina2.jpeg\" data-id=\"8883\" data-rel=\"iLightbox[gallery]\" data-title=\"Estand Projecte Aina 2\" data-caption=\"\">\n\t\t\t\t\t\tGallery\t\t\t\t\t<\/a>\n\t\t\t\t\t\t\t\t\t\t\t\t\t\t\n\t\t\n\t\t\t\t\t\t\t\t\t\t\t\t<h4 class=\"fusion-rollover-title\">\n\t\t\t\t\t<a class=\"fusion-rollover-title-link\" href=\"https:\/\/projecteaina.cat\/tech\/aina-explica-la-integracio-dels-models-de-veu-en-els-videojocs-durant-el-saga-2025\/\">\n\t\t\t\t\t\tAina explica la integraci\u00f3 dels models de veu en els videojocs durant el SAGA 2025\t\t\t\t\t<\/a>\n\t\t\t\t<\/h4>\n\t\t\t\n\t\t\t\t\t\t\t\t\t\t<div class=\"fusion-rollover-categories\"><a href=\"https:\/\/projecteaina.cat\/tech\/categoria\/noticies-cientifiques\/\" rel=\"tag\">Not\u00edcies cient\u00edfiques<\/a><\/div>\t\t\t\t\t\n\t\t\n\t\t\t\t\t\t<a class=\"fusion-link-wrapper\" href=\"https:\/\/projecteaina.cat\/tech\/aina-explica-la-integracio-dels-models-de-veu-en-els-videojocs-durant-el-saga-2025\/\" aria-label=\"Aina explica la integraci\u00f3 dels models de veu en els videojocs durant el SAGA 2025\"><\/a>\n\t<\/div>\n<\/div>\n<\/div>\n<\/li>\n\t\t\t\n\t\t\t\n\t\t\t\t\t\t\t\t\t\t\t\t\t\t\t\t\t\t\t\t\t\t\t\t\t\t\t\t\t\t\t\t\t\t\t\t\t\t\t\t\t\t\t\t\t\t\t\t\t\t\t\t\t\t\t\t\t\t\t\t\t\t\t\t\t\t\t\t<\/ul>\n\t<\/div>\n\t<div class=\"fusion-post-content post-content\"><h3 class=\"blog-shortcode-post-title entry-title\"><a href=\"https:\/\/projecteaina.cat\/tech\/aina-explica-la-integracio-dels-models-de-veu-en-els-videojocs-durant-el-saga-2025\/\">Aina explica la integraci\u00f3 dels models de veu en els videojocs durant el SAGA 2025<\/a><\/h3><p class=\"fusion-single-line-meta\"><span class=\"updated\" style=\"display:none;\">2025-12-02T13:44:59+01:00<\/span><span>2 de desembre de 2025<\/span><span class=\"fusion-inline-sep\">|<\/span><\/p><div class=\"fusion-post-content-container\"><p>M\u00e9s de 9mil persones han visitat el Sal\u00f3 del Gaming SAGA durant el cap de setmana del 28, 29 i 30 de desembre. Una xifra superior a la dels 8000 assistents de l'any passat. El Projecte Aina ha enfortit tamb\u00e9 [...]<\/p><\/div><\/div><div class=\"fusion-clearfix\"><\/div><\/article>\n<article id=\"blog-1-post-8878\" class=\"fusion-post-medium-alternate post-8878 post type-post status-publish format-standard has-post-thumbnail hentry category-noticies-cientifiques tag-accessibilitat tag-aina tag-ia-territorial tag-inclusio-social tag-intelligencia-territorial tag-patrimoni-oral\">\n<div class=\"fusion-date-and-formats\"><div class=\"fusion-date-box updated\"><span class=\"fusion-date\">25<\/span><span class=\"fusion-month-year\">11, 2025<\/span><\/div><div class=\"fusion-format-box\"><i class=\"awb-icon-pen\" aria-hidden=\"true\"><\/i><\/div><\/div>\t<style type=\"text\/css\">\n\t\t\n\t\t\n\t\t\n\t\t\n\t\t\t<\/style>\n\n\n\t\t\t<div class=\"fusion-flexslider flexslider fusion-flexslider-loading fusion-post-slideshow\" style=\"\">\n\t\t<ul class=\"slides\">\n\t\t\t\n\t\t\t\t\t\t\t\t\t\t\t\t\t\t<li><div  class=\"fusion-image-wrapper fusion-image-size-fixed\" aria-haspopup=\"true\">\n\t\t\t\t<img decoding=\"async\" width=\"320\" height=\"202\" src=\"https:\/\/projecteaina.cat\/tech\/wp-content\/uploads\/2025\/12\/Aina_Territorial.png_1288257583-320x202.png\" class=\"attachment-blog-medium size-blog-medium wp-post-image\" alt=\"Aina Intel\u00b7lig\u00e8ncia Territorial\" srcset=\"https:\/\/projecteaina.cat\/tech\/wp-content\/uploads\/2025\/12\/Aina_Territorial.png_1288257583-320x202.png 320w, https:\/\/projecteaina.cat\/tech\/wp-content\/uploads\/2025\/12\/Aina_Territorial.png_1288257583-700x441.png 700w\" sizes=\"(max-width: 320px) 100vw, 320px\" \/><div class=\"fusion-rollover\">\n\t<div class=\"fusion-rollover-content\">\n\n\t\t\t\t\t\t\t\t\t\t\t\t\t\t<a class=\"fusion-rollover-link\" href=\"https:\/\/projecteaina.cat\/tech\/arrenca-laina-intelligencia-territorial-el-concurs-que-impulsa-solucions-dia-en-catala-per-reduir-les-bretxes-socials-i-digitals\/\">Arrenca l\u2019Aina Intel\u00b7lig\u00e8ncia Territorial, el concurs que impulsa solucions d\u2019IA en catal\u00e0 per reduir les bretxes socials i digitals<\/a>\n\t\t\t\n\t\t\t\t\t\t\t\t\t\t\t\t\t\t\n\t\t\t\t\t\t\t\t\n\t\t\t\t\t\t\t\t\t\t\t\t\t<div class=\"fusion-rollover-sep\"><\/div>\n\t\t\t\t\n\t\t\t\t\t\t\t\t\t\t\t\t\t\t\t\t\t\t<a class=\"fusion-rollover-gallery\" href=\"https:\/\/projecteaina.cat\/tech\/wp-content\/uploads\/2025\/12\/Aina_Territorial.png_1288257583.png\" data-id=\"8878\" data-rel=\"iLightbox[gallery]\" data-title=\"Aina_Territorial.png_1288257583\" data-caption=\"\">\n\t\t\t\t\t\tGallery\t\t\t\t\t<\/a>\n\t\t\t\t\t\t\t\t\t\t\t\t\t\t\n\t\t\n\t\t\t\t\t\t\t\t\t\t\t\t<h4 class=\"fusion-rollover-title\">\n\t\t\t\t\t<a class=\"fusion-rollover-title-link\" href=\"https:\/\/projecteaina.cat\/tech\/arrenca-laina-intelligencia-territorial-el-concurs-que-impulsa-solucions-dia-en-catala-per-reduir-les-bretxes-socials-i-digitals\/\">\n\t\t\t\t\t\tArrenca l\u2019Aina Intel\u00b7lig\u00e8ncia Territorial, el concurs que impulsa solucions d\u2019IA en catal\u00e0 per reduir les bretxes socials i digitals\t\t\t\t\t<\/a>\n\t\t\t\t<\/h4>\n\t\t\t\n\t\t\t\t\t\t\t\t\t\t<div class=\"fusion-rollover-categories\"><a href=\"https:\/\/projecteaina.cat\/tech\/categoria\/noticies-cientifiques\/\" rel=\"tag\">Not\u00edcies cient\u00edfiques<\/a><\/div>\t\t\t\t\t\n\t\t\n\t\t\t\t\t\t<a class=\"fusion-link-wrapper\" href=\"https:\/\/projecteaina.cat\/tech\/arrenca-laina-intelligencia-territorial-el-concurs-que-impulsa-solucions-dia-en-catala-per-reduir-les-bretxes-socials-i-digitals\/\" aria-label=\"Arrenca l\u2019Aina Intel\u00b7lig\u00e8ncia Territorial, el concurs que impulsa solucions d\u2019IA en catal\u00e0 per reduir les bretxes socials i digitals\"><\/a>\n\t<\/div>\n<\/div>\n<\/div>\n<\/li>\n\t\t\t\n\t\t\t\n\t\t\t\t\t\t\t\t\t\t\t\t\t\t\t\t\t\t\t\t\t\t\t\t\t\t\t\t\t\t\t\t\t\t\t\t\t\t\t\t\t\t\t\t\t\t\t\t\t\t\t\t\t\t\t\t\t\t\t\t\t\t\t\t\t\t\t\t<\/ul>\n\t<\/div>\n\t<div class=\"fusion-post-content post-content\"><h3 class=\"blog-shortcode-post-title entry-title\"><a href=\"https:\/\/projecteaina.cat\/tech\/arrenca-laina-intelligencia-territorial-el-concurs-que-impulsa-solucions-dia-en-catala-per-reduir-les-bretxes-socials-i-digitals\/\">Arrenca l\u2019Aina Intel\u00b7lig\u00e8ncia Territorial, el concurs que impulsa solucions d\u2019IA en catal\u00e0 per reduir les bretxes socials i digitals<\/a><\/h3><p class=\"fusion-single-line-meta\"><span class=\"updated\" style=\"display:none;\">2025-12-02T12:33:03+01:00<\/span><span>25 de novembre de 2025<\/span><span class=\"fusion-inline-sep\">|<\/span><\/p><div class=\"fusion-post-content-container\"><p>La iniciativa reconeixer\u00e0 nou propostes finalistes amb 2.000 euros cadascuna i, d\u2019aquestes, seleccionar\u00e0 tres projectes guanyadors amb 44.000 euros per desenvolupar cada soluci\u00f3 Fins al 26 de gener de 2026, les empreses, entitats i consorcis amb experi\u00e8ncia en intel\u00b7lig\u00e8ncia artificial [...]<\/p><\/div><\/div><div class=\"fusion-clearfix\"><\/div><\/article>\n<article id=\"blog-1-post-8847\" class=\"fusion-post-medium-alternate post-8847 post type-post status-publish format-standard has-post-thumbnail hentry category-noticies-cientifiques tag-ai tag-aina-challenge tag-concurs-ia tag-ia\">\n<div class=\"fusion-date-and-formats\"><div class=\"fusion-date-box updated\"><span class=\"fusion-date\">23<\/span><span class=\"fusion-month-year\">10, 2025<\/span><\/div><div class=\"fusion-format-box\"><i class=\"awb-icon-pen\" aria-hidden=\"true\"><\/i><\/div><\/div>\t<style type=\"text\/css\">\n\t\t\n\t\t\n\t\t\n\t\t\n\t\t\t<\/style>\n\n\n\t\t\t<div class=\"fusion-flexslider flexslider fusion-flexslider-loading fusion-post-slideshow\" style=\"\">\n\t\t<ul class=\"slides\">\n\t\t\t\n\t\t\t\t\t\t\t\t\t\t\t\t\t\t<li><div  class=\"fusion-image-wrapper fusion-image-size-fixed\" aria-haspopup=\"true\">\n\t\t\t\t<img decoding=\"async\" width=\"320\" height=\"202\" src=\"https:\/\/projecteaina.cat\/tech\/wp-content\/uploads\/2025\/10\/AinaChallenge-320x202.jpg\" class=\"attachment-blog-medium size-blog-medium wp-post-image\" alt=\"AinaChallenge\" srcset=\"https:\/\/projecteaina.cat\/tech\/wp-content\/uploads\/2025\/10\/AinaChallenge-320x202.jpg 320w, https:\/\/projecteaina.cat\/tech\/wp-content\/uploads\/2025\/10\/AinaChallenge-700x441.jpg 700w\" sizes=\"(max-width: 320px) 100vw, 320px\" \/><div class=\"fusion-rollover\">\n\t<div class=\"fusion-rollover-content\">\n\n\t\t\t\t\t\t\t\t\t\t\t\t\t\t<a class=\"fusion-rollover-link\" href=\"https:\/\/projecteaina.cat\/tech\/laina-challenge-impulsa-22-solucions-innovadores\/\">L\u2019Aina Challenge impulsa 22 solucions innovadores per a fomentar l\u2019adopci\u00f3 empresarial de la intel\u00b7lig\u00e8ncia artificial en catal\u00e0<\/a>\n\t\t\t\n\t\t\t\t\t\t\t\t\t\t\t\t\t\t\n\t\t\t\t\t\t\t\t\n\t\t\t\t\t\t\t\t\t\t\t\t\t<div class=\"fusion-rollover-sep\"><\/div>\n\t\t\t\t\n\t\t\t\t\t\t\t\t\t\t\t\t\t\t\t\t\t\t<a class=\"fusion-rollover-gallery\" href=\"https:\/\/projecteaina.cat\/tech\/wp-content\/uploads\/2025\/10\/AinaChallenge.jpg\" data-id=\"8847\" data-rel=\"iLightbox[gallery]\" data-title=\"AinaChallenge\" data-caption=\"\">\n\t\t\t\t\t\tGallery\t\t\t\t\t<\/a>\n\t\t\t\t\t\t\t\t\t\t\t\t\t\t\n\t\t\n\t\t\t\t\t\t\t\t\t\t\t\t<h4 class=\"fusion-rollover-title\">\n\t\t\t\t\t<a class=\"fusion-rollover-title-link\" href=\"https:\/\/projecteaina.cat\/tech\/laina-challenge-impulsa-22-solucions-innovadores\/\">\n\t\t\t\t\t\tL\u2019Aina Challenge impulsa 22 solucions innovadores per a fomentar l\u2019adopci\u00f3 empresarial de la intel\u00b7lig\u00e8ncia artificial en catal\u00e0\t\t\t\t\t<\/a>\n\t\t\t\t<\/h4>\n\t\t\t\n\t\t\t\t\t\t\t\t\t\t<div class=\"fusion-rollover-categories\"><a href=\"https:\/\/projecteaina.cat\/tech\/categoria\/noticies-cientifiques\/\" rel=\"tag\">Not\u00edcies cient\u00edfiques<\/a><\/div>\t\t\t\t\t\n\t\t\n\t\t\t\t\t\t<a class=\"fusion-link-wrapper\" href=\"https:\/\/projecteaina.cat\/tech\/laina-challenge-impulsa-22-solucions-innovadores\/\" aria-label=\"L\u2019Aina Challenge impulsa 22 solucions innovadores per a fomentar l\u2019adopci\u00f3 empresarial de la intel\u00b7lig\u00e8ncia artificial en catal\u00e0\"><\/a>\n\t<\/div>\n<\/div>\n<\/div>\n<\/li>\n\t\t\t\n\t\t\t\n\t\t\t\t\t\t\t\t\t\t\t\t\t\t\t\t\t\t\t\t\t\t\t\t\t\t\t\t\t\t\t\t\t\t\t\t\t\t\t\t\t\t\t\t\t\t\t\t\t\t\t\t\t\t\t\t\t\t\t\t\t\t\t\t\t\t\t\t<\/ul>\n\t<\/div>\n\t<div class=\"fusion-post-content post-content\"><h3 class=\"blog-shortcode-post-title entry-title\"><a href=\"https:\/\/projecteaina.cat\/tech\/laina-challenge-impulsa-22-solucions-innovadores\/\">L\u2019Aina Challenge impulsa 22 solucions innovadores per a fomentar l\u2019adopci\u00f3 empresarial de la intel\u00b7lig\u00e8ncia artificial en catal\u00e0<\/a><\/h3><p class=\"fusion-single-line-meta\"><span class=\"updated\" style=\"display:none;\">2025-10-23T11:58:52+02:00<\/span><span>23 d'octubre de 2025<\/span><span class=\"fusion-inline-sep\">|<\/span><\/p><div class=\"fusion-post-content-container\"><p>El concurs ha seleccionat 18 entitats que utilitzaran recursos generats pel Projecte Aina per a demostrar-ne la maduresa i la viabilitat en entorns reals L\u2019atenci\u00f3 social, la salut, la just\u00edcia, l\u2019educaci\u00f3, el turisme i l\u2019audiovisual s\u00f3n alguns dels \u00e0mbits clau [...]<\/p><\/div><\/div><div class=\"fusion-clearfix\"><\/div><\/article>\n<article id=\"blog-1-post-8792\" class=\"fusion-post-medium-alternate post-8792 post type-post status-publish format-standard has-post-thumbnail hentry category-noticies-cientifiques tag-interspeech tag-language-technologies-2 tag-speech tag-tecnologies-de-veu\">\n<div class=\"fusion-date-and-formats\"><div class=\"fusion-date-box updated\"><span class=\"fusion-date\">13<\/span><span class=\"fusion-month-year\">08, 2025<\/span><\/div><div class=\"fusion-format-box\"><i class=\"awb-icon-pen\" aria-hidden=\"true\"><\/i><\/div><\/div>\t<style type=\"text\/css\">\n\t\t\n\t\t\n\t\t\n\t\t\n\t\t\t<\/style>\n\n\n\t\t\t<div class=\"fusion-flexslider flexslider fusion-flexslider-loading fusion-post-slideshow\" style=\"\">\n\t\t<ul class=\"slides\">\n\t\t\t\n\t\t\t\t\t\t\t\t\t\t\t\t\t\t<li><div  class=\"fusion-image-wrapper fusion-image-size-fixed\" aria-haspopup=\"true\">\n\t\t\t\t<img decoding=\"async\" width=\"320\" height=\"202\" src=\"https:\/\/projecteaina.cat\/tech\/wp-content\/uploads\/2025\/08\/Interspeech2025-1-320x202.png\" class=\"attachment-blog-medium size-blog-medium wp-post-image\" alt=\"Interspeech 2025\" srcset=\"https:\/\/projecteaina.cat\/tech\/wp-content\/uploads\/2025\/08\/Interspeech2025-1-320x202.png 320w, https:\/\/projecteaina.cat\/tech\/wp-content\/uploads\/2025\/08\/Interspeech2025-1-700x441.png 700w\" sizes=\"(max-width: 320px) 100vw, 320px\" \/><div class=\"fusion-rollover\">\n\t<div class=\"fusion-rollover-content\">\n\n\t\t\t\t\t\t\t\t\t\t\t\t\t\t<a class=\"fusion-rollover-link\" href=\"https:\/\/projecteaina.cat\/tech\/lequip-tecnic-daina-presenta-a-linterspeech-la-recerca-en-tecnologies-de-veu-avancades-en-catala\/\">L&#8217;equip t\u00e8cnic d&#8217;Aina presenta a l&#8217;Interspeech la recerca en tecnologies de veu avan\u00e7ades en catal\u00e0<\/a>\n\t\t\t\n\t\t\t\t\t\t\t\t\t\t\t\t\t\t\n\t\t\t\t\t\t\t\t\n\t\t\t\t\t\t\t\t\t\t\t\t\t<div class=\"fusion-rollover-sep\"><\/div>\n\t\t\t\t\n\t\t\t\t\t\t\t\t\t\t\t\t\t\t\t\t\t\t<a class=\"fusion-rollover-gallery\" href=\"https:\/\/projecteaina.cat\/tech\/wp-content\/uploads\/2025\/08\/Interspeech2025-1-scaled.png\" data-id=\"8792\" data-rel=\"iLightbox[gallery]\" data-title=\"Interspeech 2025\" data-caption=\"\">\n\t\t\t\t\t\tGallery\t\t\t\t\t<\/a>\n\t\t\t\t\t\t\t\t\t\t\t\t\t\t\n\t\t\n\t\t\t\t\t\t\t\t\t\t\t\t<h4 class=\"fusion-rollover-title\">\n\t\t\t\t\t<a class=\"fusion-rollover-title-link\" href=\"https:\/\/projecteaina.cat\/tech\/lequip-tecnic-daina-presenta-a-linterspeech-la-recerca-en-tecnologies-de-veu-avancades-en-catala\/\">\n\t\t\t\t\t\tL&#8217;equip t\u00e8cnic d&#8217;Aina presenta a l&#8217;Interspeech la recerca en tecnologies de veu avan\u00e7ades en catal\u00e0\t\t\t\t\t<\/a>\n\t\t\t\t<\/h4>\n\t\t\t\n\t\t\t\t\t\t\t\t\t\t<div class=\"fusion-rollover-categories\"><a href=\"https:\/\/projecteaina.cat\/tech\/categoria\/noticies-cientifiques\/\" rel=\"tag\">Not\u00edcies cient\u00edfiques<\/a><\/div>\t\t\t\t\t\n\t\t\n\t\t\t\t\t\t<a class=\"fusion-link-wrapper\" href=\"https:\/\/projecteaina.cat\/tech\/lequip-tecnic-daina-presenta-a-linterspeech-la-recerca-en-tecnologies-de-veu-avancades-en-catala\/\" aria-label=\"L&#8217;equip t\u00e8cnic d&#8217;Aina presenta a l&#8217;Interspeech la recerca en tecnologies de veu avan\u00e7ades en catal\u00e0\"><\/a>\n\t<\/div>\n<\/div>\n<\/div>\n<\/li>\n\t\t\t\n\t\t\t\n\t\t\t\t\t\t\t\t\t\t\t\t\t\t\t\t\t\t\t\t\t\t\t\t\t\t\t\t\t\t\t\t\t\t\t\t\t\t\t\t\t\t\t\t\t\t\t\t\t\t\t\t\t\t\t\t\t\t\t\t\t\t\t\t\t\t\t\t<\/ul>\n\t<\/div>\n\t<div class=\"fusion-post-content post-content\"><h3 class=\"blog-shortcode-post-title entry-title\"><a href=\"https:\/\/projecteaina.cat\/tech\/lequip-tecnic-daina-presenta-a-linterspeech-la-recerca-en-tecnologies-de-veu-avancades-en-catala\/\">L&#8217;equip t\u00e8cnic d&#8217;Aina presenta a l&#8217;Interspeech la recerca en tecnologies de veu avan\u00e7ades en catal\u00e0<\/a><\/h3><p class=\"fusion-single-line-meta\"><span class=\"updated\" style=\"display:none;\">2025-09-29T12:39:19+02:00<\/span><span>13 d'agost de 2025<\/span><span class=\"fusion-inline-sep\">|<\/span><\/p><div class=\"fusion-post-content-container\"><p>Aquest diumenge 17 d'agost, la nova edici\u00f3 del congr\u00e9s Interspeech dona el seu tret de sortida. \u00c9s la confer\u00e8ncia anual m\u00e9s important en l'\u00e0mbit de les technologies de veu. Fins all\u00e0, es despla\u00e7ar\u00e0 una part de l'equip t\u00e8cnic del Projecte [...]<\/p><\/div><\/div><div class=\"fusion-clearfix\"><\/div><\/article>\n<article id=\"blog-1-post-8731\" class=\"fusion-post-medium-alternate post-8731 post type-post status-publish format-standard has-post-thumbnail hentry category-noticies-cientifiques tag-ia tag-language-technologies-2 tag-large-language-models tag-processament-del-llenguatge-natural tag-rag\">\n<div class=\"fusion-date-and-formats\"><div class=\"fusion-date-box updated\"><span class=\"fusion-date\">12<\/span><span class=\"fusion-month-year\">06, 2025<\/span><\/div><div class=\"fusion-format-box\"><i class=\"awb-icon-pen\" aria-hidden=\"true\"><\/i><\/div><\/div>\t<style type=\"text\/css\">\n\t\t\n\t\t\n\t\t\n\t\t\n\t\t\t<\/style>\n\n\n\t\t\t<div class=\"fusion-flexslider flexslider fusion-flexslider-loading fusion-post-slideshow\" style=\"\">\n\t\t<ul class=\"slides\">\n\t\t\t\n\t\t\t\t\t\t\t\t\t\t\t\t\t\t<li><div  class=\"fusion-image-wrapper fusion-image-size-fixed\" aria-haspopup=\"true\">\n\t\t\t\t<img decoding=\"async\" width=\"320\" height=\"202\" src=\"https:\/\/projecteaina.cat\/tech\/wp-content\/uploads\/2025\/06\/RAG_Aina_IA-320x202.png\" class=\"attachment-blog-medium size-blog-medium wp-post-image\" alt=\"\" srcset=\"https:\/\/projecteaina.cat\/tech\/wp-content\/uploads\/2025\/06\/RAG_Aina_IA-320x202.png 320w, https:\/\/projecteaina.cat\/tech\/wp-content\/uploads\/2025\/06\/RAG_Aina_IA-700x441.png 700w\" sizes=\"(max-width: 320px) 100vw, 320px\" \/><div class=\"fusion-rollover\">\n\t<div class=\"fusion-rollover-content\">\n\n\t\t\t\t\t\t\t\t\t\t\t\t\t\t<a class=\"fusion-rollover-link\" href=\"https:\/\/projecteaina.cat\/tech\/primer-pas-en-limpuls-dun-sistema-dintelligencia-artificial-per-facilitar-lacces-a-la-informacio-publica-en-llenguatge-planer\/\">Primer pas en l&#8217;impuls d&#8217;un sistema d&#8217;intel\u00b7lig\u00e8ncia artificial per facilitar l&#8217;acc\u00e9s a la informaci\u00f3 p\u00fablica en llenguatge planer<\/a>\n\t\t\t\n\t\t\t\t\t\t\t\t\t\t\t\t\t\t\n\t\t\t\t\t\t\t\t\n\t\t\t\t\t\t\t\t\t\t\t\t\t<div class=\"fusion-rollover-sep\"><\/div>\n\t\t\t\t\n\t\t\t\t\t\t\t\t\t\t\t\t\t\t\t\t\t\t<a class=\"fusion-rollover-gallery\" href=\"https:\/\/projecteaina.cat\/tech\/wp-content\/uploads\/2025\/06\/RAG_Aina_IA.png\" data-id=\"8731\" data-rel=\"iLightbox[gallery]\" data-title=\"RAG_Aina_IA\" data-caption=\"\">\n\t\t\t\t\t\tGallery\t\t\t\t\t<\/a>\n\t\t\t\t\t\t\t\t\t\t\t\t\t\t\n\t\t\n\t\t\t\t\t\t\t\t\t\t\t\t<h4 class=\"fusion-rollover-title\">\n\t\t\t\t\t<a class=\"fusion-rollover-title-link\" href=\"https:\/\/projecteaina.cat\/tech\/primer-pas-en-limpuls-dun-sistema-dintelligencia-artificial-per-facilitar-lacces-a-la-informacio-publica-en-llenguatge-planer\/\">\n\t\t\t\t\t\tPrimer pas en l&#8217;impuls d&#8217;un sistema d&#8217;intel\u00b7lig\u00e8ncia artificial per facilitar l&#8217;acc\u00e9s a la informaci\u00f3 p\u00fablica en llenguatge planer\t\t\t\t\t<\/a>\n\t\t\t\t<\/h4>\n\t\t\t\n\t\t\t\t\t\t\t\t\t\t<div class=\"fusion-rollover-categories\"><a href=\"https:\/\/projecteaina.cat\/tech\/categoria\/noticies-cientifiques\/\" rel=\"tag\">Not\u00edcies cient\u00edfiques<\/a><\/div>\t\t\t\t\t\n\t\t\n\t\t\t\t\t\t<a class=\"fusion-link-wrapper\" href=\"https:\/\/projecteaina.cat\/tech\/primer-pas-en-limpuls-dun-sistema-dintelligencia-artificial-per-facilitar-lacces-a-la-informacio-publica-en-llenguatge-planer\/\" aria-label=\"Primer pas en l&#8217;impuls d&#8217;un sistema d&#8217;intel\u00b7lig\u00e8ncia artificial per facilitar l&#8217;acc\u00e9s a la informaci\u00f3 p\u00fablica en llenguatge planer\"><\/a>\n\t<\/div>\n<\/div>\n<\/div>\n<\/li>\n\t\t\t\n\t\t\t\n\t\t\t\t\t\t\t\t\t\t\t\t\t\t\t\t\t\t\t\t\t\t\t\t\t\t\t\t\t\t\t\t\t\t\t\t\t\t\t\t\t\t\t\t\t\t\t\t\t\t\t\t\t\t\t\t\t\t\t\t\t\t\t\t\t\t\t\t<\/ul>\n\t<\/div>\n\t<div class=\"fusion-post-content post-content\"><h3 class=\"blog-shortcode-post-title entry-title\"><a href=\"https:\/\/projecteaina.cat\/tech\/primer-pas-en-limpuls-dun-sistema-dintelligencia-artificial-per-facilitar-lacces-a-la-informacio-publica-en-llenguatge-planer\/\">Primer pas en l&#8217;impuls d&#8217;un sistema d&#8217;intel\u00b7lig\u00e8ncia artificial per facilitar l&#8217;acc\u00e9s a la informaci\u00f3 p\u00fablica en llenguatge planer<\/a><\/h3><p class=\"fusion-single-line-meta\"><span class=\"updated\" style=\"display:none;\">2025-06-12T12:52:01+02:00<\/span><span>12 de juny de 2025<\/span><span class=\"fusion-inline-sep\">|<\/span><\/p><div class=\"fusion-post-content-container\"><p>Es tracta d\u2019una prova de concepte impulsada per la Secretaria de Pol\u00edtiques Digitals del Departament d\u2019Empresa i Treball i desenvolupada pel BSC-CNS en el marc del Projecte Aina, amb la col\u00b7laboraci\u00f3 de l\u2019EADOP i el CTTI El projecte integra la [...]<\/p><\/div><\/div><div class=\"fusion-clearfix\"><\/div><\/article>\n<article id=\"blog-1-post-8716\" class=\"fusion-post-medium-alternate post-8716 post type-post status-publish format-standard has-post-thumbnail hentry category-noticies-cientifiques tag-aina-challenge tag-aina-kit tag-llm tag-natural-language-processing tag-procesamiento-del-lenguaje-natural tag-processament-del-llenguatge-natural tag-tecnologias-del-lenguaje tag-tecnologies-del-llenguatge\">\n<div class=\"fusion-date-and-formats\"><div class=\"fusion-date-box updated\"><span class=\"fusion-date\">4<\/span><span class=\"fusion-month-year\">06, 2025<\/span><\/div><div class=\"fusion-format-box\"><i class=\"awb-icon-pen\" aria-hidden=\"true\"><\/i><\/div><\/div>\t<style type=\"text\/css\">\n\t\t\n\t\t\n\t\t\n\t\t\n\t\t\t<\/style>\n\n\n\t\t\t<div class=\"fusion-flexslider flexslider fusion-flexslider-loading fusion-post-slideshow\" style=\"\">\n\t\t<ul class=\"slides\">\n\t\t\t\n\t\t\t\t\t\t\t\t\t\t\t\t\t\t<li><div  class=\"fusion-image-wrapper fusion-image-size-fixed\" aria-haspopup=\"true\">\n\t\t\t\t<img decoding=\"async\" width=\"320\" height=\"202\" src=\"https:\/\/projecteaina.cat\/tech\/wp-content\/uploads\/2025\/06\/TotalPropostes_AinaChallenge-320x202.png\" class=\"attachment-blog-medium size-blog-medium wp-post-image\" alt=\"Fins a 85 propostes per a desenvolupar IA en catal\u00e0\" srcset=\"https:\/\/projecteaina.cat\/tech\/wp-content\/uploads\/2025\/06\/TotalPropostes_AinaChallenge-320x202.png 320w, https:\/\/projecteaina.cat\/tech\/wp-content\/uploads\/2025\/06\/TotalPropostes_AinaChallenge-700x441.png 700w\" sizes=\"(max-width: 320px) 100vw, 320px\" \/><div class=\"fusion-rollover\">\n\t<div class=\"fusion-rollover-content\">\n\n\t\t\t\t\t\t\t\t\t\t\t\t\t\t<a class=\"fusion-rollover-link\" href=\"https:\/\/projecteaina.cat\/tech\/exit-en-la-convocatoria-de-laina-challenge-per-a-accelerar-projectes-dia-en-catala\/\">\u00c8xit en la convocat\u00f2ria de l\u2019Aina Challenge per a accelerar projectes d\u2019IA en catal\u00e0<\/a>\n\t\t\t\n\t\t\t\t\t\t\t\t\t\t\t\t\t\t\n\t\t\t\t\t\t\t\t\n\t\t\t\t\t\t\t\t\t\t\t\t\t<div class=\"fusion-rollover-sep\"><\/div>\n\t\t\t\t\n\t\t\t\t\t\t\t\t\t\t\t\t\t\t\t\t\t\t<a class=\"fusion-rollover-gallery\" href=\"https:\/\/projecteaina.cat\/tech\/wp-content\/uploads\/2025\/06\/TotalPropostes_AinaChallenge-scaled.png\" data-id=\"8716\" data-rel=\"iLightbox[gallery]\" data-title=\"TotalPropostes_AinaChallenge\" data-caption=\"\">\n\t\t\t\t\t\tGallery\t\t\t\t\t<\/a>\n\t\t\t\t\t\t\t\t\t\t\t\t\t\t\n\t\t\n\t\t\t\t\t\t\t\t\t\t\t\t<h4 class=\"fusion-rollover-title\">\n\t\t\t\t\t<a class=\"fusion-rollover-title-link\" href=\"https:\/\/projecteaina.cat\/tech\/exit-en-la-convocatoria-de-laina-challenge-per-a-accelerar-projectes-dia-en-catala\/\">\n\t\t\t\t\t\t\u00c8xit en la convocat\u00f2ria de l\u2019Aina Challenge per a accelerar projectes d\u2019IA en catal\u00e0\t\t\t\t\t<\/a>\n\t\t\t\t<\/h4>\n\t\t\t\n\t\t\t\t\t\t\t\t\t\t<div class=\"fusion-rollover-categories\"><a href=\"https:\/\/projecteaina.cat\/tech\/categoria\/noticies-cientifiques\/\" rel=\"tag\">Not\u00edcies cient\u00edfiques<\/a><\/div>\t\t\t\t\t\n\t\t\n\t\t\t\t\t\t<a class=\"fusion-link-wrapper\" href=\"https:\/\/projecteaina.cat\/tech\/exit-en-la-convocatoria-de-laina-challenge-per-a-accelerar-projectes-dia-en-catala\/\" aria-label=\"\u00c8xit en la convocat\u00f2ria de l\u2019Aina Challenge per a accelerar projectes d\u2019IA en catal\u00e0\"><\/a>\n\t<\/div>\n<\/div>\n<\/div>\n<\/li>\n\t\t\t\n\t\t\t\n\t\t\t\t\t\t\t\t\t\t\t\t\t\t\t\t\t\t\t\t\t\t\t\t\t\t\t\t\t\t\t\t\t\t\t\t\t\t\t\t\t\t\t\t\t\t\t\t\t\t\t\t\t\t\t\t\t\t\t\t\t\t\t\t\t\t\t\t<\/ul>\n\t<\/div>\n\t<div class=\"fusion-post-content post-content\"><h3 class=\"blog-shortcode-post-title entry-title\"><a href=\"https:\/\/projecteaina.cat\/tech\/exit-en-la-convocatoria-de-laina-challenge-per-a-accelerar-projectes-dia-en-catala\/\">\u00c8xit en la convocat\u00f2ria de l\u2019Aina Challenge per a accelerar projectes d\u2019IA en catal\u00e0<\/a><\/h3><p class=\"fusion-single-line-meta\"><span class=\"updated\" style=\"display:none;\">2025-06-04T11:12:07+02:00<\/span><span>4 de juny de 2025<\/span><span class=\"fusion-inline-sep\">|<\/span><\/p><div class=\"fusion-post-content-container\"><p>Fins a 85 propostes rebudes per a desenvolupar proves de concepte amb IA en catal\u00e0 M\u00e9s de 50 empreses han presentat projectes a la convocat\u00f2ria, dels quals se\u2019n seleccionaran 22 per al seu desenvolupament L\u2019\u00e0mbit de la salut, la informaci\u00f3, [...]<\/p><\/div><\/div><div class=\"fusion-clearfix\"><\/div><\/article>\n<article id=\"blog-1-post-8695\" class=\"fusion-post-medium-alternate post-8695 post type-post status-publish format-standard has-post-thumbnail hentry category-noticies-cientifiques tag-ia tag-language-technologies-2 tag-llm tag-model-salamandra tag-natural-language-processing tag-tecnologies-del-llenguatge\">\n<div class=\"fusion-date-and-formats\"><div class=\"fusion-date-box updated\"><span class=\"fusion-date\">29<\/span><span class=\"fusion-month-year\">05, 2025<\/span><\/div><div class=\"fusion-format-box\"><i class=\"awb-icon-pen\" aria-hidden=\"true\"><\/i><\/div><\/div>\t<style type=\"text\/css\">\n\t\t\n\t\t\n\t\t\n\t\t\n\t\t\t<\/style>\n\n\n\t\t\t<div class=\"fusion-flexslider flexslider fusion-flexslider-loading fusion-post-slideshow\" style=\"\">\n\t\t<ul class=\"slides\">\n\t\t\t\n\t\t\t\t\t\t\t\t\t\t\t\t\t\t<li><div  class=\"fusion-image-wrapper fusion-image-size-fixed\" aria-haspopup=\"true\">\n\t\t\t\t<img decoding=\"async\" width=\"320\" height=\"202\" src=\"https:\/\/projecteaina.cat\/tech\/wp-content\/uploads\/2025\/05\/Familia-de-models-Salamandra_29052025-1-320x202.png\" class=\"attachment-blog-medium size-blog-medium wp-post-image\" alt=\"Fam\u00edlia de models Salamandra del Projecte Aina\" srcset=\"https:\/\/projecteaina.cat\/tech\/wp-content\/uploads\/2025\/05\/Familia-de-models-Salamandra_29052025-1-320x202.png 320w, https:\/\/projecteaina.cat\/tech\/wp-content\/uploads\/2025\/05\/Familia-de-models-Salamandra_29052025-1-700x441.png 700w\" sizes=\"(max-width: 320px) 100vw, 320px\" \/><div class=\"fusion-rollover\">\n\t<div class=\"fusion-rollover-content\">\n\n\t\t\t\t\t\t\t\t\t\t\t\t\t\t<a class=\"fusion-rollover-link\" href=\"https:\/\/projecteaina.cat\/tech\/coneix-la-familia-de-models-salamandra\/\">Coneix la fam\u00edlia de models Salamandra<\/a>\n\t\t\t\n\t\t\t\t\t\t\t\t\t\t\t\t\t\t\n\t\t\t\t\t\t\t\t\n\t\t\t\t\t\t\t\t\t\t\t\t\t<div class=\"fusion-rollover-sep\"><\/div>\n\t\t\t\t\n\t\t\t\t\t\t\t\t\t\t\t\t\t\t\t\t\t\t<a class=\"fusion-rollover-gallery\" href=\"https:\/\/projecteaina.cat\/tech\/wp-content\/uploads\/2025\/05\/Familia-de-models-Salamandra_29052025-1-scaled.png\" data-id=\"8695\" data-rel=\"iLightbox[gallery]\" data-title=\"Fam\u00edlia de models Salamandra_29052025\" data-caption=\"\">\n\t\t\t\t\t\tGallery\t\t\t\t\t<\/a>\n\t\t\t\t\t\t\t\t\t\t\t\t\t\t\n\t\t\n\t\t\t\t\t\t\t\t\t\t\t\t<h4 class=\"fusion-rollover-title\">\n\t\t\t\t\t<a class=\"fusion-rollover-title-link\" href=\"https:\/\/projecteaina.cat\/tech\/coneix-la-familia-de-models-salamandra\/\">\n\t\t\t\t\t\tConeix la fam\u00edlia de models Salamandra\t\t\t\t\t<\/a>\n\t\t\t\t<\/h4>\n\t\t\t\n\t\t\t\t\t\t\t\t\t\t<div class=\"fusion-rollover-categories\"><a href=\"https:\/\/projecteaina.cat\/tech\/categoria\/noticies-cientifiques\/\" rel=\"tag\">Not\u00edcies cient\u00edfiques<\/a><\/div>\t\t\t\t\t\n\t\t\n\t\t\t\t\t\t<a class=\"fusion-link-wrapper\" href=\"https:\/\/projecteaina.cat\/tech\/coneix-la-familia-de-models-salamandra\/\" aria-label=\"Coneix la fam\u00edlia de models Salamandra\"><\/a>\n\t<\/div>\n<\/div>\n<\/div>\n<\/li>\n\t\t\t\n\t\t\t\n\t\t\t\t\t\t\t\t\t\t\t\n\t\t\t\t\t\n\t\t\t\t\t\t\t\t\t\t\t<li>\n\t\t\t\t\t\t\t<div class=\"fusion-image-wrapper\">\n\t\t\t\t\t\t\t\t<a href=\"https:\/\/projecteaina.cat\/tech\/coneix-la-familia-de-models-salamandra\/\" aria-label=\"Coneix la fam\u00edlia de models Salamandra\">\n\t\t\t\t\t\t\t\t\t<img decoding=\"async\" width=\"320\" height=\"202\" src=\"https:\/\/projecteaina.cat\/tech\/wp-content\/uploads\/2025\/05\/Familia-de-models-Salamandra_29052025-1-320x202.png\" alt=\"Fam\u00edlia de models Salamandra del Projecte Aina\" class=\"wp-image-8706\" role=\"presentation\" srcset=\"https:\/\/projecteaina.cat\/tech\/wp-content\/uploads\/2025\/05\/Familia-de-models-Salamandra_29052025-1-320x202.png 320w, https:\/\/projecteaina.cat\/tech\/wp-content\/uploads\/2025\/05\/Familia-de-models-Salamandra_29052025-1-700x441.png 700w\" sizes=\"(max-width: 320px) 100vw, 320px\" \/>\t\t\t\t\t\t\t\t<\/a>\n\t\t\t\t\t\t\t\t<a style=\"display:none;\" href=\"https:\/\/projecteaina.cat\/tech\/wp-content\/uploads\/2025\/05\/Familia-de-models-Salamandra_29052025-1-scaled.png\" data-rel=\"iLightbox[gallery8695]\"  title=\"\" data-title=\"Fam\u00edlia de models Salamandra_29052025\" data-caption=\"\">\n\t\t\t\t\t\t\t\t\t\t\t\t\t\t\t\t\t\t\t<img style=\"display:none;\" alt=\"Fam\u00edlia de models Salamandra del Projecte Aina\" role=\"presentation\" \/>\n\t\t\t\t\t\t\t\t\t\t\t\t\t\t\t\t\t<\/a>\n\t\t\t\t\t\t\t<\/div>\n\t\t\t\t\t\t<\/li>\n\t\t\t\t\t\t\t\t\t\t\t\t\t\t\t\t\t\t\t\t\t\t\t\t\n\t\t\t\t\t\n\t\t\t\t\t\t\t\t\t\t\t<li>\n\t\t\t\t\t\t\t<div class=\"fusion-image-wrapper\">\n\t\t\t\t\t\t\t\t<a href=\"https:\/\/projecteaina.cat\/tech\/coneix-la-familia-de-models-salamandra\/\" aria-label=\"Coneix la fam\u00edlia de models Salamandra\">\n\t\t\t\t\t\t\t\t\t<img decoding=\"async\" width=\"320\" height=\"202\" src=\"https:\/\/projecteaina.cat\/tech\/wp-content\/uploads\/2025\/05\/Familia-de-models-Salamandra_29052025-1-320x202.png\" alt=\"Fam\u00edlia de models Salamandra del Projecte Aina\" class=\"wp-image-8706\" role=\"presentation\" srcset=\"https:\/\/projecteaina.cat\/tech\/wp-content\/uploads\/2025\/05\/Familia-de-models-Salamandra_29052025-1-320x202.png 320w, https:\/\/projecteaina.cat\/tech\/wp-content\/uploads\/2025\/05\/Familia-de-models-Salamandra_29052025-1-700x441.png 700w\" sizes=\"(max-width: 320px) 100vw, 320px\" \/>\t\t\t\t\t\t\t\t<\/a>\n\t\t\t\t\t\t\t\t<a style=\"display:none;\" href=\"https:\/\/projecteaina.cat\/tech\/wp-content\/uploads\/2025\/05\/Familia-de-models-Salamandra_29052025-1-scaled.png\" data-rel=\"iLightbox[gallery8695]\"  title=\"\" data-title=\"Fam\u00edlia de models Salamandra_29052025\" data-caption=\"\">\n\t\t\t\t\t\t\t\t\t\t\t\t\t\t\t\t\t\t\t<img style=\"display:none;\" alt=\"Fam\u00edlia de models Salamandra del Projecte Aina\" role=\"presentation\" \/>\n\t\t\t\t\t\t\t\t\t\t\t\t\t\t\t\t\t<\/a>\n\t\t\t\t\t\t\t<\/div>\n\t\t\t\t\t\t<\/li>\n\t\t\t\t\t\t\t\t\t\t\t\t\t\t\t\t\t\t\t\t\t\t\t\t\n\t\t\t\t\t\n\t\t\t\t\t\t\t\t\t\t\t<li>\n\t\t\t\t\t\t\t<div class=\"fusion-image-wrapper\">\n\t\t\t\t\t\t\t\t<a href=\"https:\/\/projecteaina.cat\/tech\/coneix-la-familia-de-models-salamandra\/\" aria-label=\"Coneix la fam\u00edlia de models Salamandra\">\n\t\t\t\t\t\t\t\t\t<img decoding=\"async\" width=\"320\" height=\"202\" src=\"https:\/\/projecteaina.cat\/tech\/wp-content\/uploads\/2025\/05\/Familia-de-models-Salamandra_29052025-1-320x202.png\" alt=\"Fam\u00edlia de models Salamandra del Projecte Aina\" class=\"wp-image-8706\" role=\"presentation\" srcset=\"https:\/\/projecteaina.cat\/tech\/wp-content\/uploads\/2025\/05\/Familia-de-models-Salamandra_29052025-1-320x202.png 320w, https:\/\/projecteaina.cat\/tech\/wp-content\/uploads\/2025\/05\/Familia-de-models-Salamandra_29052025-1-700x441.png 700w\" sizes=\"(max-width: 320px) 100vw, 320px\" \/>\t\t\t\t\t\t\t\t<\/a>\n\t\t\t\t\t\t\t\t<a style=\"display:none;\" href=\"https:\/\/projecteaina.cat\/tech\/wp-content\/uploads\/2025\/05\/Familia-de-models-Salamandra_29052025-1-scaled.png\" data-rel=\"iLightbox[gallery8695]\"  title=\"\" data-title=\"Fam\u00edlia de models Salamandra_29052025\" data-caption=\"\">\n\t\t\t\t\t\t\t\t\t\t\t\t\t\t\t\t\t\t\t<img style=\"display:none;\" alt=\"Fam\u00edlia de models Salamandra del Projecte Aina\" role=\"presentation\" \/>\n\t\t\t\t\t\t\t\t\t\t\t\t\t\t\t\t\t<\/a>\n\t\t\t\t\t\t\t<\/div>\n\t\t\t\t\t\t<\/li>\n\t\t\t\t\t\t\t\t\t\t\t\t\t\t\t\t\t\t\t\t\t\t\t\t\n\t\t\t\t\t\n\t\t\t\t\t\t\t\t\t\t\t<li>\n\t\t\t\t\t\t\t<div class=\"fusion-image-wrapper\">\n\t\t\t\t\t\t\t\t<a href=\"https:\/\/projecteaina.cat\/tech\/coneix-la-familia-de-models-salamandra\/\" aria-label=\"Coneix la fam\u00edlia de models Salamandra\">\n\t\t\t\t\t\t\t\t\t<img decoding=\"async\" width=\"320\" height=\"202\" src=\"https:\/\/projecteaina.cat\/tech\/wp-content\/uploads\/2025\/05\/Familia-de-models-Salamandra_29052025-1-320x202.png\" alt=\"Fam\u00edlia de models Salamandra del Projecte Aina\" class=\"wp-image-8706\" role=\"presentation\" srcset=\"https:\/\/projecteaina.cat\/tech\/wp-content\/uploads\/2025\/05\/Familia-de-models-Salamandra_29052025-1-320x202.png 320w, https:\/\/projecteaina.cat\/tech\/wp-content\/uploads\/2025\/05\/Familia-de-models-Salamandra_29052025-1-700x441.png 700w\" sizes=\"(max-width: 320px) 100vw, 320px\" \/>\t\t\t\t\t\t\t\t<\/a>\n\t\t\t\t\t\t\t\t<a style=\"display:none;\" href=\"https:\/\/projecteaina.cat\/tech\/wp-content\/uploads\/2025\/05\/Familia-de-models-Salamandra_29052025-1-scaled.png\" data-rel=\"iLightbox[gallery8695]\"  title=\"\" data-title=\"Fam\u00edlia de models Salamandra_29052025\" data-caption=\"\">\n\t\t\t\t\t\t\t\t\t\t\t\t\t\t\t\t\t\t\t<img style=\"display:none;\" alt=\"Fam\u00edlia de models Salamandra del Projecte Aina\" role=\"presentation\" \/>\n\t\t\t\t\t\t\t\t\t\t\t\t\t\t\t\t\t<\/a>\n\t\t\t\t\t\t\t<\/div>\n\t\t\t\t\t\t<\/li>\n\t\t\t\t\t\t\t\t\t\t\t\t\t\t\t\t\t\t\t\t\t<\/ul>\n\t<\/div>\n\t<div class=\"fusion-post-content post-content\"><h3 class=\"blog-shortcode-post-title entry-title\"><a href=\"https:\/\/projecteaina.cat\/tech\/coneix-la-familia-de-models-salamandra\/\">Coneix la fam\u00edlia de models Salamandra<\/a><\/h3><p class=\"fusion-single-line-meta\"><span class=\"updated\" style=\"display:none;\">2025-05-29T13:34:13+02:00<\/span><span>29 de maig de 2025<\/span><span class=\"fusion-inline-sep\">|<\/span><\/p><div class=\"fusion-post-content-container\"><p>El model Salamandra compta amb versions de 2, 7 i 40 mil millions de par\u00e0metres Tots els recursos estan disponibles per a la seva integraci\u00f3 a trav\u00e9s de l'Aina Kit Les diferents versions de la fam\u00edlia de models Salamandra ja [...]<\/p><\/div><\/div><div class=\"fusion-clearfix\"><\/div><\/article>\n<article id=\"blog-1-post-8619\" class=\"fusion-post-medium-alternate post-8619 post type-post status-publish format-standard has-post-thumbnail hentry category-noticies-cientifiques tag-aina-challenge tag-ia tag-llm tag-npl tag-tecnologies-del-llenguatge\">\n<div class=\"fusion-date-and-formats\"><div class=\"fusion-date-box updated\"><span class=\"fusion-date\">25<\/span><span class=\"fusion-month-year\">03, 2025<\/span><\/div><div class=\"fusion-format-box\"><i class=\"awb-icon-pen\" aria-hidden=\"true\"><\/i><\/div><\/div>\t<style type=\"text\/css\">\n\t\t\n\t\t\n\t\t\n\t\t\n\t\t\t<\/style>\n\n\n\t\t\t<div class=\"fusion-flexslider flexslider fusion-flexslider-loading fusion-post-slideshow\" style=\"\">\n\t\t<ul class=\"slides\">\n\t\t\t\n\t\t\t\t\t\t\t\t\t\t\t\t\t\t<li><div  class=\"fusion-image-wrapper fusion-image-size-fixed\" aria-haspopup=\"true\">\n\t\t\t\t<img decoding=\"async\" width=\"320\" height=\"202\" src=\"https:\/\/projecteaina.cat\/tech\/wp-content\/uploads\/2025\/03\/AinaChallenge_Banner-320x202.png\" class=\"attachment-blog-medium size-blog-medium wp-post-image\" alt=\"En marxa l&#039;Aina Challenge\" srcset=\"https:\/\/projecteaina.cat\/tech\/wp-content\/uploads\/2025\/03\/AinaChallenge_Banner-320x202.png 320w, https:\/\/projecteaina.cat\/tech\/wp-content\/uploads\/2025\/03\/AinaChallenge_Banner-700x441.png 700w\" sizes=\"(max-width: 320px) 100vw, 320px\" \/><div class=\"fusion-rollover\">\n\t<div class=\"fusion-rollover-content\">\n\n\t\t\t\t\t\t\t\t\t\t\t\t\t\t<a class=\"fusion-rollover-link\" href=\"https:\/\/projecteaina.cat\/tech\/arrenca-laina-challenge-el-concurs-dotat-pel-govern-amb-1me-per-financar-fins-a-22-projectes-dia-i-tecnologies-del-llenguatge-en-catala\/\">Arrenca l\u2019\u2018Aina Challenge\u2019, el concurs dotat pel Govern amb 1M\u20ac per finan\u00e7ar fins a 22 projectes d\u2019IA i tecnologies del llenguatge en catal\u00e0<\/a>\n\t\t\t\n\t\t\t\t\t\t\t\t\t\t\t\t\t\t\n\t\t\t\t\t\t\t\t\n\t\t\t\t\t\t\t\t\t\t\t\t\t<div class=\"fusion-rollover-sep\"><\/div>\n\t\t\t\t\n\t\t\t\t\t\t\t\t\t\t\t\t\t\t\t\t\t\t<a class=\"fusion-rollover-gallery\" href=\"https:\/\/projecteaina.cat\/tech\/wp-content\/uploads\/2025\/03\/AinaChallenge_Banner.png\" data-id=\"8619\" data-rel=\"iLightbox[gallery]\" data-title=\"AinaChallenge\" data-caption=\"\">\n\t\t\t\t\t\tGallery\t\t\t\t\t<\/a>\n\t\t\t\t\t\t\t\t\t\t\t\t\t\t\n\t\t\n\t\t\t\t\t\t\t\t\t\t\t\t<h4 class=\"fusion-rollover-title\">\n\t\t\t\t\t<a class=\"fusion-rollover-title-link\" href=\"https:\/\/projecteaina.cat\/tech\/arrenca-laina-challenge-el-concurs-dotat-pel-govern-amb-1me-per-financar-fins-a-22-projectes-dia-i-tecnologies-del-llenguatge-en-catala\/\">\n\t\t\t\t\t\tArrenca l\u2019\u2018Aina Challenge\u2019, el concurs dotat pel Govern amb 1M\u20ac per finan\u00e7ar fins a 22 projectes d\u2019IA i tecnologies del llenguatge en catal\u00e0\t\t\t\t\t<\/a>\n\t\t\t\t<\/h4>\n\t\t\t\n\t\t\t\t\t\t\t\t\t\t<div class=\"fusion-rollover-categories\"><a href=\"https:\/\/projecteaina.cat\/tech\/categoria\/noticies-cientifiques\/\" rel=\"tag\">Not\u00edcies cient\u00edfiques<\/a><\/div>\t\t\t\t\t\n\t\t\n\t\t\t\t\t\t<a class=\"fusion-link-wrapper\" href=\"https:\/\/projecteaina.cat\/tech\/arrenca-laina-challenge-el-concurs-dotat-pel-govern-amb-1me-per-financar-fins-a-22-projectes-dia-i-tecnologies-del-llenguatge-en-catala\/\" aria-label=\"Arrenca l\u2019\u2018Aina Challenge\u2019, el concurs dotat pel Govern amb 1M\u20ac per finan\u00e7ar fins a 22 projectes d\u2019IA i tecnologies del llenguatge en catal\u00e0\"><\/a>\n\t<\/div>\n<\/div>\n<\/div>\n<\/li>\n\t\t\t\n\t\t\t\n\t\t\t\t\t\t\t\t\t\t\t\t\t\t\t\t\t\t\t\t\t\t\t\t\t\t\t\t\t\t\t\t\t\t\t\t\t\t\t\t\t\t\t\t\t\t\t\t\t\t\t\t\t\t\t\t\t\t\t\t\t\t\t\t\t\t\t\t<\/ul>\n\t<\/div>\n\t<div class=\"fusion-post-content post-content\"><h3 class=\"blog-shortcode-post-title entry-title\"><a href=\"https:\/\/projecteaina.cat\/tech\/arrenca-laina-challenge-el-concurs-dotat-pel-govern-amb-1me-per-financar-fins-a-22-projectes-dia-i-tecnologies-del-llenguatge-en-catala\/\">Arrenca l\u2019\u2018Aina Challenge\u2019, el concurs dotat pel Govern amb 1M\u20ac per finan\u00e7ar fins a 22 projectes d\u2019IA i tecnologies del llenguatge en catal\u00e0<\/a><\/h3><p class=\"fusion-single-line-meta\"><span class=\"updated\" style=\"display:none;\">2025-03-25T23:29:20+01:00<\/span><span>25 de mar\u00e7 de 2025<\/span><span class=\"fusion-inline-sep\">|<\/span><\/p><div class=\"fusion-post-content-container\"><p>L\u2019Aina Challenge \u00e9s el programa d\u2019acceleraci\u00f3 d\u2019\u00fas i desenvolupament d\u2019eines d\u2019IA en catal\u00e0 impulsat pel Govern i desenvolupat pel Barcelona Supercomputing Center (BSC-CNS) en el marc del Projecte Aina Les empreses del sector de la intel\u00b7lig\u00e8ncia artificial (IA) i les [...]<\/p><\/div><\/div><div class=\"fusion-clearfix\"><\/div><\/article>\n<article id=\"blog-1-post-8576\" class=\"fusion-post-medium-alternate post-8576 post type-post status-publish format-standard has-post-thumbnail hentry category-noticies-cientifiques tag-ai-models tag-ai-resources tag-aina-kit tag-llm tag-open-source\">\n<div class=\"fusion-date-and-formats\"><div class=\"fusion-date-box updated\"><span class=\"fusion-date\">11<\/span><span class=\"fusion-month-year\">03, 2025<\/span><\/div><div class=\"fusion-format-box\"><i class=\"awb-icon-pen\" aria-hidden=\"true\"><\/i><\/div><\/div>\t<style type=\"text\/css\">\n\t\t\n\t\t\n\t\t\n\t\t\n\t\t\t<\/style>\n\n\n\t\t\t<div class=\"fusion-flexslider flexslider fusion-flexslider-loading fusion-post-slideshow\" style=\"\">\n\t\t<ul class=\"slides\">\n\t\t\t\n\t\t\t\t\t\t\t\t\t\t\t\t\t\t<li><div  class=\"fusion-image-wrapper fusion-image-size-fixed\" aria-haspopup=\"true\">\n\t\t\t\t<img decoding=\"async\" width=\"320\" height=\"202\" src=\"https:\/\/projecteaina.cat\/tech\/wp-content\/uploads\/2025\/03\/Talent-Arena_Projecte-Aina-320x202.jpg\" class=\"attachment-blog-medium size-blog-medium wp-post-image\" alt=\"L&#039;equip t\u00e8cnic del Projecte Aina presente l&#039;Aina Kit al Talent Arena.\" srcset=\"https:\/\/projecteaina.cat\/tech\/wp-content\/uploads\/2025\/03\/Talent-Arena_Projecte-Aina-320x202.jpg 320w, https:\/\/projecteaina.cat\/tech\/wp-content\/uploads\/2025\/03\/Talent-Arena_Projecte-Aina-700x441.jpg 700w\" sizes=\"(max-width: 320px) 100vw, 320px\" \/><div class=\"fusion-rollover\">\n\t<div class=\"fusion-rollover-content\">\n\n\t\t\t\t\t\t\t\t\t\t\t\t\t\t<a class=\"fusion-rollover-link\" href=\"https:\/\/projecteaina.cat\/tech\/els-recursos-de-laina-kit-es-presenten-durant-la-setmana-del-mwc25\/\">Els recursos de l&#8217;Aina Kit es presenten durant la setmana del MWC25<\/a>\n\t\t\t\n\t\t\t\t\t\t\t\t\t\t\t\t\t\t\n\t\t\t\t\t\t\t\t\n\t\t\t\t\t\t\t\t\t\t\t\t\t<div class=\"fusion-rollover-sep\"><\/div>\n\t\t\t\t\n\t\t\t\t\t\t\t\t\t\t\t\t\t\t\t\t\t\t<a class=\"fusion-rollover-gallery\" href=\"https:\/\/projecteaina.cat\/tech\/wp-content\/uploads\/2025\/03\/Talent-Arena_Projecte-Aina-scaled.jpg\" data-id=\"8576\" data-rel=\"iLightbox[gallery]\" data-title=\"Talent Arena_Projecte Aina\" data-caption=\"\">\n\t\t\t\t\t\tGallery\t\t\t\t\t<\/a>\n\t\t\t\t\t\t\t\t\t\t\t\t\t\t\n\t\t\n\t\t\t\t\t\t\t\t\t\t\t\t<h4 class=\"fusion-rollover-title\">\n\t\t\t\t\t<a class=\"fusion-rollover-title-link\" href=\"https:\/\/projecteaina.cat\/tech\/els-recursos-de-laina-kit-es-presenten-durant-la-setmana-del-mwc25\/\">\n\t\t\t\t\t\tEls recursos de l&#8217;Aina Kit es presenten durant la setmana del MWC25\t\t\t\t\t<\/a>\n\t\t\t\t<\/h4>\n\t\t\t\n\t\t\t\t\t\t\t\t\t\t<div class=\"fusion-rollover-categories\"><a href=\"https:\/\/projecteaina.cat\/tech\/categoria\/noticies-cientifiques\/\" rel=\"tag\">Not\u00edcies cient\u00edfiques<\/a><\/div>\t\t\t\t\t\n\t\t\n\t\t\t\t\t\t<a class=\"fusion-link-wrapper\" href=\"https:\/\/projecteaina.cat\/tech\/els-recursos-de-laina-kit-es-presenten-durant-la-setmana-del-mwc25\/\" aria-label=\"Els recursos de l&#8217;Aina Kit es presenten durant la setmana del MWC25\"><\/a>\n\t<\/div>\n<\/div>\n<\/div>\n<\/li>\n\t\t\t\n\t\t\t\n\t\t\t\t\t\t\t\t\t\t\t\t\t\t\t\t\t\t\t\t\t\t\t\t\t\t\t\t\t\t\t\t\t\t\t\t\t\t\t\t\t\t\t\t\t\t\t\t\t\t\t\t\t\t\t\t\t\t\t\t\t\t\t\t\t\t\t\t<\/ul>\n\t<\/div>\n\t<div class=\"fusion-post-content post-content\"><h3 class=\"blog-shortcode-post-title entry-title\"><a href=\"https:\/\/projecteaina.cat\/tech\/els-recursos-de-laina-kit-es-presenten-durant-la-setmana-del-mwc25\/\">Els recursos de l&#8217;Aina Kit es presenten durant la setmana del MWC25<\/a><\/h3><p class=\"fusion-single-line-meta\"><span class=\"updated\" style=\"display:none;\">2025-03-11T16:17:26+01:00<\/span><span>11 de mar\u00e7 de 2025<\/span><span class=\"fusion-inline-sep\">|<\/span><\/p><div class=\"fusion-post-content-container\"><p>Els recursos i models desenvolupats pel Projecte Aina, impulsat per la Generalitat de Catalunya i desenvolupat pel Barcelona Supercomputing Center han estat protagonistes d'algunes de les presentacions durant la setmana en qu\u00e8 Barcelona ha acollit una nova edici\u00f3 del Mobile [...]<\/p><\/div><\/div><div class=\"fusion-clearfix\"><\/div><\/article>\n<article id=\"blog-1-post-8488\" class=\"fusion-post-medium-alternate post-8488 post type-post status-publish format-standard has-post-thumbnail hentry category-noticies-cientifiques\">\n<div class=\"fusion-date-and-formats\"><div class=\"fusion-date-box updated\"><span class=\"fusion-date\">23<\/span><span class=\"fusion-month-year\">12, 2024<\/span><\/div><div class=\"fusion-format-box\"><i class=\"awb-icon-pen\" aria-hidden=\"true\"><\/i><\/div><\/div>\t<style type=\"text\/css\">\n\t\t\n\t\t\n\t\t\n\t\t\n\t\t\t<\/style>\n\n\n\t\t\t<div class=\"fusion-flexslider flexslider fusion-flexslider-loading fusion-post-slideshow\" style=\"\">\n\t\t<ul class=\"slides\">\n\t\t\t\n\t\t\t\t\t\t\t\t\t\t\t\t\t\t<li><div  class=\"fusion-image-wrapper fusion-image-size-fixed\" aria-haspopup=\"true\">\n\t\t\t\t<img decoding=\"async\" width=\"320\" height=\"202\" src=\"https:\/\/projecteaina.cat\/tech\/wp-content\/uploads\/2024\/12\/IMG_3158-1-320x202.jpg\" class=\"attachment-blog-medium size-blog-medium wp-post-image\" alt=\"Deep Learing Barcelona Symposium 2024\" srcset=\"https:\/\/projecteaina.cat\/tech\/wp-content\/uploads\/2024\/12\/IMG_3158-1-320x202.jpg 320w, https:\/\/projecteaina.cat\/tech\/wp-content\/uploads\/2024\/12\/IMG_3158-1-700x441.jpg 700w\" sizes=\"(max-width: 320px) 100vw, 320px\" \/><div class=\"fusion-rollover\">\n\t<div class=\"fusion-rollover-content\">\n\n\t\t\t\t\t\t\t\t\t\t\t\t\t\t<a class=\"fusion-rollover-link\" href=\"https:\/\/projecteaina.cat\/tech\/aina-participa-en-el-deep-learning-barcelona-symposium-2024\/\">Aina participa en el Deep Learning Barcelona Symposium 2024<\/a>\n\t\t\t\n\t\t\t\t\t\t\t\t\t\t\t\t\t\t\n\t\t\t\t\t\t\t\t\n\t\t\t\t\t\t\t\t\t\t\t\t\t<div class=\"fusion-rollover-sep\"><\/div>\n\t\t\t\t\n\t\t\t\t\t\t\t\t\t\t\t\t\t\t\t\t\t\t<a class=\"fusion-rollover-gallery\" href=\"https:\/\/projecteaina.cat\/tech\/wp-content\/uploads\/2024\/12\/IMG_3158-1-scaled.jpg\" data-id=\"8488\" data-rel=\"iLightbox[gallery]\" data-title=\"Deep Learing Barcelona Symposium 2024\" data-caption=\"\">\n\t\t\t\t\t\tGallery\t\t\t\t\t<\/a>\n\t\t\t\t\t\t\t\t\t\t\t\t\t\t\n\t\t\n\t\t\t\t\t\t\t\t\t\t\t\t<h4 class=\"fusion-rollover-title\">\n\t\t\t\t\t<a class=\"fusion-rollover-title-link\" href=\"https:\/\/projecteaina.cat\/tech\/aina-participa-en-el-deep-learning-barcelona-symposium-2024\/\">\n\t\t\t\t\t\tAina participa en el Deep Learning Barcelona Symposium 2024\t\t\t\t\t<\/a>\n\t\t\t\t<\/h4>\n\t\t\t\n\t\t\t\t\t\t\t\t\t\t<div class=\"fusion-rollover-categories\"><a href=\"https:\/\/projecteaina.cat\/tech\/categoria\/noticies-cientifiques\/\" rel=\"tag\">Not\u00edcies cient\u00edfiques<\/a><\/div>\t\t\t\t\t\n\t\t\n\t\t\t\t\t\t<a class=\"fusion-link-wrapper\" href=\"https:\/\/projecteaina.cat\/tech\/aina-participa-en-el-deep-learning-barcelona-symposium-2024\/\" aria-label=\"Aina participa en el Deep Learning Barcelona Symposium 2024\"><\/a>\n\t<\/div>\n<\/div>\n<\/div>\n<\/li>\n\t\t\t\n\t\t\t\n\t\t\t\t\t\t\t\t\t\t\t\t\t\t\t\t\t\t\t\t\t\t\t\t\t\t\t\t\t\t\t\t\t\t\t\t\t\t\t\t\t\t\t\t\t\t\t\t\t\t\t\t\t\t\t\t\t\t\t\t\t\t\t\t\t\t\t\t<\/ul>\n\t<\/div>\n\t<div class=\"fusion-post-content post-content\"><h3 class=\"blog-shortcode-post-title entry-title\"><a href=\"https:\/\/projecteaina.cat\/tech\/aina-participa-en-el-deep-learning-barcelona-symposium-2024\/\">Aina participa en el Deep Learning Barcelona Symposium 2024<\/a><\/h3><p class=\"fusion-single-line-meta\"><span class=\"updated\" style=\"display:none;\">2024-12-23T19:21:33+01:00<\/span><span>23 de desembre de 2024<\/span><span class=\"fusion-inline-sep\">|<\/span><\/p><div class=\"fusion-post-content-container\"><p>Investigadors de l'equip t\u00e8cnic del Projecte Aina participen en el Barcelona Deep Learning Symposium 2024 per presentar les darreres tecnologies de veu. Entre els investigadors presents a l'esdeveniment, Marc Casals, Federico Costa, Daniel Tamayo o \u00c0lex Peir\u00f3, van apropar noves [...]<\/p><\/div><\/div><div class=\"fusion-clearfix\"><\/div><\/article>\n<article id=\"blog-1-post-8440\" class=\"fusion-post-medium-alternate post-8440 post type-post status-publish format-standard has-post-thumbnail hentry category-noticies-cientifiques\">\n<div class=\"fusion-date-and-formats\"><div class=\"fusion-date-box updated\"><span class=\"fusion-date\">22<\/span><span class=\"fusion-month-year\">11, 2024<\/span><\/div><div class=\"fusion-format-box\"><i class=\"awb-icon-pen\" aria-hidden=\"true\"><\/i><\/div><\/div>\t<style type=\"text\/css\">\n\t\t\n\t\t\n\t\t\n\t\t\n\t\t\t<\/style>\n\n\n\t\t\t<div class=\"fusion-flexslider flexslider fusion-flexslider-loading fusion-post-slideshow\" style=\"\">\n\t\t<ul class=\"slides\">\n\t\t\t\n\t\t\t\t\t\t\t\t\t\t\t\t\t\t<li><div  class=\"fusion-image-wrapper fusion-image-size-fixed\" aria-haspopup=\"true\">\n\t\t\t\t<img decoding=\"async\" width=\"320\" height=\"202\" src=\"https:\/\/projecteaina.cat\/tech\/wp-content\/uploads\/2024\/11\/028b64a8-50a4-44ec-9f46-b7fd7f3adc61-320x202.jpg\" class=\"attachment-blog-medium size-blog-medium wp-post-image\" alt=\"Investigadors\/es d&#039;Aina presenten les tecnologies de veu a Portugal\" srcset=\"https:\/\/projecteaina.cat\/tech\/wp-content\/uploads\/2024\/11\/028b64a8-50a4-44ec-9f46-b7fd7f3adc61-320x202.jpg 320w, https:\/\/projecteaina.cat\/tech\/wp-content\/uploads\/2024\/11\/028b64a8-50a4-44ec-9f46-b7fd7f3adc61-700x441.jpg 700w\" sizes=\"(max-width: 320px) 100vw, 320px\" \/><div class=\"fusion-rollover\">\n\t<div class=\"fusion-rollover-content\">\n\n\t\t\t\t\t\t\t\t\t\t\t\t\t\t<a class=\"fusion-rollover-link\" href=\"https:\/\/projecteaina.cat\/tech\/aina-presenta-a-portugal-recursos-i-tecnologies-de-veu-en-catala\/\">Aina presenta a Portugal recursos i tecnologies de veu en catal\u00e0<\/a>\n\t\t\t\n\t\t\t\t\t\t\t\t\t\t\t\t\t\t\n\t\t\t\t\t\t\t\t\n\t\t\t\t\t\t\t\t\t\t\t\t\t<div class=\"fusion-rollover-sep\"><\/div>\n\t\t\t\t\n\t\t\t\t\t\t\t\t\t\t\t\t\t\t\t\t\t\t<a class=\"fusion-rollover-gallery\" href=\"https:\/\/projecteaina.cat\/tech\/wp-content\/uploads\/2024\/11\/028b64a8-50a4-44ec-9f46-b7fd7f3adc61.jpg\" data-id=\"8440\" data-rel=\"iLightbox[gallery]\" data-title=\"Investigadors\/es d&#039;Aina presenten les tecnologies de veu a Portugal\" data-caption=\"\">\n\t\t\t\t\t\tGallery\t\t\t\t\t<\/a>\n\t\t\t\t\t\t\t\t\t\t\t\t\t\t\n\t\t\n\t\t\t\t\t\t\t\t\t\t\t\t<h4 class=\"fusion-rollover-title\">\n\t\t\t\t\t<a class=\"fusion-rollover-title-link\" href=\"https:\/\/projecteaina.cat\/tech\/aina-presenta-a-portugal-recursos-i-tecnologies-de-veu-en-catala\/\">\n\t\t\t\t\t\tAina presenta a Portugal recursos i tecnologies de veu en catal\u00e0\t\t\t\t\t<\/a>\n\t\t\t\t<\/h4>\n\t\t\t\n\t\t\t\t\t\t\t\t\t\t<div class=\"fusion-rollover-categories\"><a href=\"https:\/\/projecteaina.cat\/tech\/categoria\/noticies-cientifiques\/\" rel=\"tag\">Not\u00edcies cient\u00edfiques<\/a><\/div>\t\t\t\t\t\n\t\t\n\t\t\t\t\t\t<a class=\"fusion-link-wrapper\" href=\"https:\/\/projecteaina.cat\/tech\/aina-presenta-a-portugal-recursos-i-tecnologies-de-veu-en-catala\/\" aria-label=\"Aina presenta a Portugal recursos i tecnologies de veu en catal\u00e0\"><\/a>\n\t<\/div>\n<\/div>\n<\/div>\n<\/li>\n\t\t\t\n\t\t\t\n\t\t\t\t\t\t\t\t\t\t\t\t\t\t\t\t\t\t\t\t\t\t\t\t\t\t\t\t\t\t\t\t\t\t\t\t\t\t\t\t\t\t\t\t\t\t\t\t\t\t\t\t\t\t\t\t\t\t\t\t\t\t\t\t\t\t\t\t<\/ul>\n\t<\/div>\n\t<div class=\"fusion-post-content post-content\"><h3 class=\"blog-shortcode-post-title entry-title\"><a href=\"https:\/\/projecteaina.cat\/tech\/aina-presenta-a-portugal-recursos-i-tecnologies-de-veu-en-catala\/\">Aina presenta a Portugal recursos i tecnologies de veu en catal\u00e0<\/a><\/h3><p class=\"fusion-single-line-meta\"><span class=\"updated\" style=\"display:none;\">2024-11-22T13:18:21+01:00<\/span><span>22 de novembre de 2024<\/span><span class=\"fusion-inline-sep\">|<\/span><\/p><div class=\"fusion-post-content-container\"><p> Els investigadors\/es del Projecte Aina, Alex Peir\u00f3, Carme Armentano, Jose Giraldo, Carlos Mena, Abir Messaoudi, Sarah Solito i Federico Costa.  Investigadors\/es del Projecte Aina viatgen a Portugal a presentar les darreres novetats en tecnologies de veu. L'Iberspeech s'ha [...]<\/p><\/div><\/div><div class=\"fusion-clearfix\"><\/div><\/article>\n<\/div><div class=\"pagination clearfix\"><span class=\"current\">1<\/span><a href=\"https:\/\/projecteaina.cat\/tech\/wp-json\/wp\/v2\/pages\/25\/page\/2\/\" class=\"inactive\">2<\/a><a class=\"pagination-next\" rel=\"next\" href=\"https:\/\/projecteaina.cat\/tech\/wp-json\/wp\/v2\/pages\/25\/page\/2\/\"><span class=\"page-text\">Seg\u00fcent<\/span><span class=\"page-next\"><\/span><\/a><\/div><div class=\"fusion-clearfix\"><\/div><\/div><\/div><\/div><\/div><\/div><\/p>\n","protected":false},"excerpt":{"rendered":"","protected":false},"author":1,"featured_media":0,"parent":0,"menu_order":0,"comment_status":"closed","ping_status":"closed","template":"100-width.php","meta":{"_acf_changed":false,"_monsterinsights_skip_tracking":false,"_monsterinsights_sitenote_active":false,"_monsterinsights_sitenote_note":"","_monsterinsights_sitenote_category":0,"footnotes":""},"class_list":["post-25","page","type-page","status-publish","hentry"],"acf":[],"yoast_head":"<!-- This site is optimized with the Yoast SEO plugin v27.5 - https:\/\/yoast.com\/product\/yoast-seo-wordpress\/ -->\n<title>Not\u00edcies cient\u00edfiques - Projecte Aina Tech<\/title>\n<meta name=\"description\" content=\"Assabenta&#039;t de les \u00faltimes not\u00edcies cient\u00edfiques relacionades amb el Projecte Aina. Un rep\u00e0s dels \u00faltims aven\u00e7os i \u00e8xits del projecte.\" \/>\n<meta name=\"robots\" content=\"index, follow, max-snippet:-1, max-image-preview:large, max-video-preview:-1\" \/>\n<link rel=\"canonical\" href=\"https:\/\/projecteaina.cat\/tech\/noticies-cientifiques\/\" \/>\n<meta property=\"og:locale\" content=\"ca_ES\" \/>\n<meta property=\"og:type\" content=\"article\" \/>\n<meta property=\"og:title\" content=\"Not\u00edcies cient\u00edfiques - Projecte Aina Tech\" \/>\n<meta property=\"og:description\" content=\"Assabenta&#039;t de les \u00faltimes not\u00edcies cient\u00edfiques relacionades amb el Projecte Aina. Un rep\u00e0s dels \u00faltims aven\u00e7os i \u00e8xits del projecte.\" \/>\n<meta property=\"og:url\" content=\"https:\/\/projecteaina.cat\/tech\/noticies-cientifiques\/\" \/>\n<meta property=\"og:site_name\" content=\"Projecte Aina Tech\" \/>\n<meta property=\"article:modified_time\" content=\"2024-01-15T08:43:58+00:00\" \/>\n<meta name=\"twitter:card\" content=\"summary_large_image\" \/>\n<meta name=\"twitter:site\" content=\"@projecte_aina\" \/>\n<meta name=\"twitter:label1\" content=\"Temps estimat de lectura\" \/>\n\t<meta name=\"twitter:data1\" content=\"6 minuts\" \/>\n<script type=\"application\/ld+json\" class=\"yoast-schema-graph\">{\"@context\":\"https:\\\/\\\/schema.org\",\"@graph\":[{\"@type\":\"WebPage\",\"@id\":\"https:\\\/\\\/projecteaina.cat\\\/tech\\\/noticies-cientifiques\\\/\",\"url\":\"https:\\\/\\\/projecteaina.cat\\\/tech\\\/noticies-cientifiques\\\/\",\"name\":\"Not\u00edcies cient\u00edfiques - Projecte Aina Tech\",\"isPartOf\":{\"@id\":\"https:\\\/\\\/projecteaina.cat\\\/tech\\\/#website\"},\"datePublished\":\"2023-11-21T10:15:57+00:00\",\"dateModified\":\"2024-01-15T08:43:58+00:00\",\"description\":\"Assabenta't de les \u00faltimes not\u00edcies cient\u00edfiques relacionades amb el Projecte Aina. Un rep\u00e0s dels \u00faltims aven\u00e7os i \u00e8xits del projecte.\",\"breadcrumb\":{\"@id\":\"https:\\\/\\\/projecteaina.cat\\\/tech\\\/noticies-cientifiques\\\/#breadcrumb\"},\"inLanguage\":\"ca\",\"potentialAction\":[{\"@type\":\"ReadAction\",\"target\":[\"https:\\\/\\\/projecteaina.cat\\\/tech\\\/noticies-cientifiques\\\/\"]}]},{\"@type\":\"BreadcrumbList\",\"@id\":\"https:\\\/\\\/projecteaina.cat\\\/tech\\\/noticies-cientifiques\\\/#breadcrumb\",\"itemListElement\":[{\"@type\":\"ListItem\",\"position\":1,\"name\":\"Inici\",\"item\":\"https:\\\/\\\/projecteaina.cat\\\/tech\\\/\"},{\"@type\":\"ListItem\",\"position\":2,\"name\":\"Not\u00edcies cient\u00edfiques\"}]},{\"@type\":\"WebSite\",\"@id\":\"https:\\\/\\\/projecteaina.cat\\\/tech\\\/#website\",\"url\":\"https:\\\/\\\/projecteaina.cat\\\/tech\\\/\",\"name\":\"Projecte Aina Tech\",\"description\":\"Impulsant l&#039;\u00fas del catal\u00e0 en l&#039;era digital\",\"publisher\":{\"@id\":\"https:\\\/\\\/projecteaina.cat\\\/tech\\\/#organization\"},\"potentialAction\":[{\"@type\":\"SearchAction\",\"target\":{\"@type\":\"EntryPoint\",\"urlTemplate\":\"https:\\\/\\\/projecteaina.cat\\\/tech\\\/?s={search_term_string}\"},\"query-input\":{\"@type\":\"PropertyValueSpecification\",\"valueRequired\":true,\"valueName\":\"search_term_string\"}}],\"inLanguage\":\"ca\"},{\"@type\":\"Organization\",\"@id\":\"https:\\\/\\\/projecteaina.cat\\\/tech\\\/#organization\",\"name\":\"Projecte Aina Tech\",\"url\":\"https:\\\/\\\/projecteaina.cat\\\/tech\\\/\",\"logo\":{\"@type\":\"ImageObject\",\"inLanguage\":\"ca\",\"@id\":\"https:\\\/\\\/projecteaina.cat\\\/tech\\\/#\\\/schema\\\/logo\\\/image\\\/\",\"url\":\"https:\\\/\\\/projecteaina.cat\\\/tech\\\/wp-content\\\/uploads\\\/2023\\\/11\\\/cropped-aina-home-logo.jpg\",\"contentUrl\":\"https:\\\/\\\/projecteaina.cat\\\/tech\\\/wp-content\\\/uploads\\\/2023\\\/11\\\/cropped-aina-home-logo.jpg\",\"width\":512,\"height\":512,\"caption\":\"Projecte Aina Tech\"},\"image\":{\"@id\":\"https:\\\/\\\/projecteaina.cat\\\/tech\\\/#\\\/schema\\\/logo\\\/image\\\/\"},\"sameAs\":[\"https:\\\/\\\/x.com\\\/projecte_aina\",\"https:\\\/\\\/www.linkedin.com\\\/company\\\/projecte-aina\\\/\"]}]}<\/script>\n<!-- \/ Yoast SEO plugin. -->","yoast_head_json":{"title":"Not\u00edcies cient\u00edfiques - Projecte Aina Tech","description":"Assabenta't de les \u00faltimes not\u00edcies cient\u00edfiques relacionades amb el Projecte Aina. Un rep\u00e0s dels \u00faltims aven\u00e7os i \u00e8xits del projecte.","robots":{"index":"index","follow":"follow","max-snippet":"max-snippet:-1","max-image-preview":"max-image-preview:large","max-video-preview":"max-video-preview:-1"},"canonical":"https:\/\/projecteaina.cat\/tech\/noticies-cientifiques\/","og_locale":"ca_ES","og_type":"article","og_title":"Not\u00edcies cient\u00edfiques - Projecte Aina Tech","og_description":"Assabenta't de les \u00faltimes not\u00edcies cient\u00edfiques relacionades amb el Projecte Aina. Un rep\u00e0s dels \u00faltims aven\u00e7os i \u00e8xits del projecte.","og_url":"https:\/\/projecteaina.cat\/tech\/noticies-cientifiques\/","og_site_name":"Projecte Aina Tech","article_modified_time":"2024-01-15T08:43:58+00:00","twitter_card":"summary_large_image","twitter_site":"@projecte_aina","twitter_misc":{"Temps estimat de lectura":"6 minuts"},"schema":{"@context":"https:\/\/schema.org","@graph":[{"@type":"WebPage","@id":"https:\/\/projecteaina.cat\/tech\/noticies-cientifiques\/","url":"https:\/\/projecteaina.cat\/tech\/noticies-cientifiques\/","name":"Not\u00edcies cient\u00edfiques - Projecte Aina Tech","isPartOf":{"@id":"https:\/\/projecteaina.cat\/tech\/#website"},"datePublished":"2023-11-21T10:15:57+00:00","dateModified":"2024-01-15T08:43:58+00:00","description":"Assabenta't de les \u00faltimes not\u00edcies cient\u00edfiques relacionades amb el Projecte Aina. Un rep\u00e0s dels \u00faltims aven\u00e7os i \u00e8xits del projecte.","breadcrumb":{"@id":"https:\/\/projecteaina.cat\/tech\/noticies-cientifiques\/#breadcrumb"},"inLanguage":"ca","potentialAction":[{"@type":"ReadAction","target":["https:\/\/projecteaina.cat\/tech\/noticies-cientifiques\/"]}]},{"@type":"BreadcrumbList","@id":"https:\/\/projecteaina.cat\/tech\/noticies-cientifiques\/#breadcrumb","itemListElement":[{"@type":"ListItem","position":1,"name":"Inici","item":"https:\/\/projecteaina.cat\/tech\/"},{"@type":"ListItem","position":2,"name":"Not\u00edcies cient\u00edfiques"}]},{"@type":"WebSite","@id":"https:\/\/projecteaina.cat\/tech\/#website","url":"https:\/\/projecteaina.cat\/tech\/","name":"Projecte Aina Tech","description":"Impulsant l&#039;\u00fas del catal\u00e0 en l&#039;era digital","publisher":{"@id":"https:\/\/projecteaina.cat\/tech\/#organization"},"potentialAction":[{"@type":"SearchAction","target":{"@type":"EntryPoint","urlTemplate":"https:\/\/projecteaina.cat\/tech\/?s={search_term_string}"},"query-input":{"@type":"PropertyValueSpecification","valueRequired":true,"valueName":"search_term_string"}}],"inLanguage":"ca"},{"@type":"Organization","@id":"https:\/\/projecteaina.cat\/tech\/#organization","name":"Projecte Aina Tech","url":"https:\/\/projecteaina.cat\/tech\/","logo":{"@type":"ImageObject","inLanguage":"ca","@id":"https:\/\/projecteaina.cat\/tech\/#\/schema\/logo\/image\/","url":"https:\/\/projecteaina.cat\/tech\/wp-content\/uploads\/2023\/11\/cropped-aina-home-logo.jpg","contentUrl":"https:\/\/projecteaina.cat\/tech\/wp-content\/uploads\/2023\/11\/cropped-aina-home-logo.jpg","width":512,"height":512,"caption":"Projecte Aina Tech"},"image":{"@id":"https:\/\/projecteaina.cat\/tech\/#\/schema\/logo\/image\/"},"sameAs":["https:\/\/x.com\/projecte_aina","https:\/\/www.linkedin.com\/company\/projecte-aina\/"]}]}},"_links":{"self":[{"href":"https:\/\/projecteaina.cat\/tech\/wp-json\/wp\/v2\/pages\/25","targetHints":{"allow":["GET"]}}],"collection":[{"href":"https:\/\/projecteaina.cat\/tech\/wp-json\/wp\/v2\/pages"}],"about":[{"href":"https:\/\/projecteaina.cat\/tech\/wp-json\/wp\/v2\/types\/page"}],"author":[{"embeddable":true,"href":"https:\/\/projecteaina.cat\/tech\/wp-json\/wp\/v2\/users\/1"}],"replies":[{"embeddable":true,"href":"https:\/\/projecteaina.cat\/tech\/wp-json\/wp\/v2\/comments?post=25"}],"version-history":[{"count":28,"href":"https:\/\/projecteaina.cat\/tech\/wp-json\/wp\/v2\/pages\/25\/revisions"}],"predecessor-version":[{"id":8961,"href":"https:\/\/projecteaina.cat\/tech\/wp-json\/wp\/v2\/pages\/25\/revisions\/8961"}],"wp:attachment":[{"href":"https:\/\/projecteaina.cat\/tech\/wp-json\/wp\/v2\/media?parent=25"}],"curies":[{"name":"wp","href":"https:\/\/api.w.org\/{rel}","templated":true}]}}